{"version":"1.0","provider_name":"Bruit.ch","provider_url":"https:\/\/laerm.ch\/fr\/","title":"Archives - Bruit.ch","type":"rich","width":600,"height":338,"html":"<blockquote class=\"wp-embedded-content\" data-secret=\"obpeY7FIfd\"><a href=\"https:\/\/laerm.ch\/fr\/journee-contre-le-bruit\/archives\/\">Archives<\/a><\/blockquote><iframe sandbox=\"allow-scripts\" security=\"restricted\" src=\"https:\/\/laerm.ch\/fr\/journee-contre-le-bruit\/archives\/embed\/#?secret=obpeY7FIfd\" width=\"600\" height=\"338\" title=\"\u00ab\u00a0Archives\u00a0\u00bb &#8212; Bruit.ch\" data-secret=\"obpeY7FIfd\" frameborder=\"0\" marginwidth=\"0\" marginheight=\"0\" scrolling=\"no\" class=\"wp-embedded-content\"><\/iframe><script type=\"text\/javascript\">\n\/* <![CDATA[ *\/\n\/*! This file is auto-generated *\/\n!function(d,l){\"use strict\";l.querySelector&&d.addEventListener&&\"undefined\"!=typeof URL&&(d.wp=d.wp||{},d.wp.receiveEmbedMessage||(d.wp.receiveEmbedMessage=function(e){var t=e.data;if((t||t.secret||t.message||t.value)&&!\/[^a-zA-Z0-9]\/.test(t.secret)){for(var s,r,n,a=l.querySelectorAll('iframe[data-secret=\"'+t.secret+'\"]'),o=l.querySelectorAll('blockquote[data-secret=\"'+t.secret+'\"]'),c=new RegExp(\"^https?:$\",\"i\"),i=0;i<o.length;i++)o[i].style.display=\"none\";for(i=0;i<a.length;i++)s=a[i],e.source===s.contentWindow&&(s.removeAttribute(\"style\"),\"height\"===t.message?(1e3<(r=parseInt(t.value,10))?r=1e3:~~r<200&&(r=200),s.height=r):\"link\"===t.message&&(r=new URL(s.getAttribute(\"src\")),n=new URL(t.value),c.test(n.protocol))&&n.host===r.host&&l.activeElement===s&&(d.top.location.href=t.value))}},d.addEventListener(\"message\",d.wp.receiveEmbedMessage,!1),l.addEventListener(\"DOMContentLoaded\",function(){for(var e,t,s=l.querySelectorAll(\"iframe.wp-embedded-content\"),r=0;r<s.length;r++)(t=(e=s[r]).getAttribute(\"data-secret\"))||(t=Math.random().toString(36).substring(2,12),e.src+=\"#?secret=\"+t,e.setAttribute(\"data-secret\",t)),e.contentWindow.postMessage({message:\"ready\",secret:t},\"*\")},!1)))}(window,document);\n\/* ]]> *\/\n<\/script>\n","description":"Le bruit rend maladeJourn\u00e9e contre le bruit 2025 Planifier les oreilles grandes ouvertesJourn\u00e9e contre le bruit 2024 Cr\u00e9er des lieux de d\u00e9tenteJourn\u00e9e contre le bruit 2023 Jardiner en silenceJourn\u00e9e contre le bruit 2022 Le calme n&rsquo;est pas un luxeJourn\u00e9e contre le bruit 2021 Le bruit hors-jeuJourn\u00e9e contre le bruit 2020 Le bruit hors-jeuJourn\u00e9e contre le [&hellip;]","thumbnail_url":"https:\/\/laerm.ch\/wp-content\/uploads\/tgl-2025-fr.jpg","thumbnail_width":1842,"thumbnail_height":638}