{"id":2857,"date":"2024-01-26T15:51:59","date_gmt":"2024-01-26T14:51:59","guid":{"rendered":"https:\/\/laerm.ch\/journee-contre-le-bruit\/archives\/2011-plus-fort-nest-pas-mieux\/"},"modified":"2025-02-04T14:06:38","modified_gmt":"2025-02-04T13:06:38","slug":"campagne-2011","status":"publish","type":"page","link":"https:\/\/laerm.ch\/fr\/journee-contre-le-bruit\/archives\/campagne-2011\/","title":{"rendered":"2011 &#8211; Trop fort \u00e7a craint"},"content":{"rendered":"<div id=\"ez-toc-container\" class=\"ez-toc-v2_0_69_1 counter-hierarchy ez-toc-counter ez-toc-transparent ez-toc-container-direction\">\n<label for=\"ez-toc-cssicon-toggle-item-69f0cc4376760\" class=\"ez-toc-cssicon-toggle-label\"><p class=\"ez-toc-title\" style=\"cursor:inherit\">Table des mati\u00e8res<\/p>\n<span class=\"ez-toc-cssicon\"><span class=\"eztoc-hide\" style=\"display:none;\">Toggle<\/span><span class=\"ez-toc-icon-toggle-span\"><svg style=\"fill: #999;color:#999\" xmlns=\"http:\/\/www.w3.org\/2000\/svg\" class=\"list-377408\" width=\"20px\" height=\"20px\" viewBox=\"0 0 24 24\" fill=\"none\"><path d=\"M6 6H4v2h2V6zm14 0H8v2h12V6zM4 11h2v2H4v-2zm16 0H8v2h12v-2zM4 16h2v2H4v-2zm16 0H8v2h12v-2z\" fill=\"currentColor\"><\/path><\/svg><svg style=\"fill: #999;color:#999\" class=\"arrow-unsorted-368013\" xmlns=\"http:\/\/www.w3.org\/2000\/svg\" width=\"10px\" height=\"10px\" viewBox=\"0 0 24 24\" version=\"1.2\" baseProfile=\"tiny\"><path d=\"M18.2 9.3l-6.2-6.3-6.2 6.3c-.2.2-.3.4-.3.7s.1.5.3.7c.2.2.4.3.7.3h11c.3 0 .5-.1.7-.3.2-.2.3-.5.3-.7s-.1-.5-.3-.7zM5.8 14.7l6.2 6.3 6.2-6.3c.2-.2.3-.5.3-.7s-.1-.5-.3-.7c-.2-.2-.4-.3-.7-.3h-11c-.3 0-.5.1-.7.3-.2.2-.3.5-.3.7s.1.5.3.7z\"\/><\/svg><\/span><\/span><\/label><input type=\"checkbox\" style='display:none' id=\"ez-toc-cssicon-toggle-item-69f0cc4376760\" checked \/><nav><ul class='ez-toc-list ez-toc-list-level-1 ' ><li class='ez-toc-page-1 ez-toc-heading-level-2'><a class=\"ez-toc-link ez-toc-heading-1\" href=\"https:\/\/laerm.ch\/fr\/journee-contre-le-bruit\/archives\/campagne-2011\/#musique-a-emporter\" title=\"Musique \u00e0 emporter\">Musique \u00e0 emporter<\/a><\/li><li class='ez-toc-page-1 ez-toc-heading-level-2'><a class=\"ez-toc-link ez-toc-heading-2\" href=\"https:\/\/laerm.ch\/fr\/journee-contre-le-bruit\/archives\/campagne-2011\/#matraquage-incessant-dans-lespace-publique\" title=\"Matraquage incessant dans l&rsquo;espace publique\">Matraquage incessant dans l&rsquo;espace publique<\/a><\/li><li class='ez-toc-page-1 ez-toc-heading-level-2'><a class=\"ez-toc-link ez-toc-heading-3\" href=\"https:\/\/laerm.ch\/fr\/journee-contre-le-bruit\/archives\/campagne-2011\/#frequentation-de-concerts-et-de-discotheques\" title=\"Fr\u00e9quentation de concerts et de discoth\u00e8ques\">Fr\u00e9quentation de concerts et de discoth\u00e8ques<\/a><\/li><\/ul><\/nav><\/div>\n\n<div class=\"wp-block-columns is-layout-flex wp-container-core-columns-is-layout-1 wp-block-columns-is-layout-flex\">\n<div class=\"wp-block-column is-layout-flow wp-block-column-is-layout-flow\">\n<p>La devise de la Journ\u00e9e contre le bruit 2011 s&rsquo;intitule \u00ab\u00a0Trop fort, \u00e7a craint!\u00a0\u00bb. Cette fois-ci, contrairement aux ann\u00e9es pr\u00e9c\u00e9dentes, le th\u00e8me central ne porte pas sur le bruit dans le sens habituel du terme. Car le bruit, par d\u00e9finition ind\u00e9sirable, et toujours per\u00e7u comme trop fort. Cette fois nous parlons plut\u00f4t de musique, et plus pr\u00e9cis\u00e9ment de sa consommation. Cette consommation est tr\u00e8s vari\u00e9e. Le slogan \u00ab\u00a0Trop fort, \u00e7a craint!\u00a0\u00bb vise \u00e0 rendre le public attentif \u00e0 l&rsquo;\u00e9volution de la musique qui tend \u00e0 devenir de plus en plus forte.<\/p>\n<\/div>\n<\/div>\n\n\n\n<p><a class=\"_dl\" href=\"https:\/\/laerm.ch\/wp-content\/uploads\/tgl_medienmitteilung2011.pdf\" target=\"_blank\" rel=\"noreferrer noopener\">Communiqu\u00e9 de presse (DE)<\/a><br><a class=\"_ex\" href=\"https:\/\/www.admin.ch\/gov\/fr\/accueil\/documentation\/communiques.msg-id-38747.html\" target=\"_blank\" rel=\"noreferrer noopener\">Communiqu\u00e9 de presse de la CFLB<\/a><\/p>\n\n\n\n<h2 class=\"wp-block-heading\"><span class=\"ez-toc-section\" id=\"musique-a-emporter\"><\/span>Musique \u00e0 emporter<span class=\"ez-toc-section-end\"><\/span><\/h2>\n\n\n\n<div class=\"wp-block-columns is-layout-flex wp-container-core-columns-is-layout-2 wp-block-columns-is-layout-flex\">\n<div class=\"wp-block-column is-layout-flow wp-block-column-is-layout-flow\">\n<p>Gr\u00e2ce \u00e0 l&rsquo;invention du lecteur de musique portable, nous pouvons d\u00e9sormais emmener notre musique partout avec nous. Le premier baladeur, ou Walkman, f\u00fbt mis sur le march\u00e9 en 1979 par Sony. A partir de cette date, la communaut\u00e9 des amateurs n&rsquo;a fait que s&rsquo;accro\u00eetre continuellement. Aujourd&rsquo;hui, en Suisse, pr\u00e8s de 4 jeunes sur 5 poss\u00e8dent un lecteur de musique portable. La devise \u00ab\u00a0Trop fort, \u00e7a craint!\u00a0\u00bb prend ici tout son sens. D&rsquo;une part, une sonorisation prolong\u00e9e avec un volume \u00e9lev\u00e9 peut provoquer des probl\u00e8mes d&rsquo;ou\u00efe, et d&rsquo;autre part, cette exposition continue peut avoir des effets importants sur la socialisation des personnes voire sur la soci\u00e9t\u00e9 elle-m\u00eame. Il va sans dire que dans un train bond\u00e9, le retrait dans un monde acoustique qui nous est propre rev\u00eat un aspect reposant. En revanche, cette sonorisation continue conduit \u00e9galement \u00e0 une certaine isolation sociale. Le mur de bruit permanent rend impossible tout contact spontan\u00e9 avec les personnes qui nous entourent, l&rsquo;univers (sonore) qui nous entoure est totalement occult\u00e9.<\/p>\n<\/div>\n<\/div>\n\n\n\n<h2 class=\"wp-block-heading\"><span class=\"ez-toc-section\" id=\"matraquage-incessant-dans-lespace-publique\"><\/span>Matraquage incessant dans l&rsquo;espace publique<span class=\"ez-toc-section-end\"><\/span><\/h2>\n\n\n\n<div class=\"wp-block-columns is-layout-flex wp-container-core-columns-is-layout-3 wp-block-columns-is-layout-flex\">\n<div class=\"wp-block-column is-layout-flow wp-block-column-is-layout-flow\">\n<p>La diffusion permanante de musique dans l&rsquo;espace public \u00e0 la musique que l&rsquo;on choisit soi-m\u00eame. En 1920, Eric Satie inventa ce qu&rsquo;il nomma la musique d&rsquo;ameublement. Depuis, la musique \u00e0 trouv\u00e9 sa place dans toute les pi\u00e8ces possibles et imaginables au m\u00eame titre qu&rsquo;un objet d&rsquo;ameublement, justement. De son temps, Satie avait d\u00e9j\u00e0 reconnu que pour ce genre de musique, plus fort n&rsquo;est pas n\u00e9cessairement synonyme de mieux. La musique de fond ne doit pas attirer l&rsquo;attention, mais elle doit \u00eatre omnipr\u00e9sente. Et c&rsquo;est justement sur ce point qu&rsquo;il convient de s&rsquo;interroger, car les go\u00fbts musicaux sont tr\u00e8s vari\u00e9s et une musique d&rsquo;ambiance peut \u00eatre per\u00e7ue comme g\u00eanante par une majorit\u00e9 de gens. Pour beaucoup, ce n&rsquo;est qu&rsquo;une question de temps avant que la sonorisation de l&rsquo;espace publique devienne un d\u00e9bat politique, comme c&rsquo;est le cas pour la fum\u00e9e passive.<\/p>\n<\/div>\n<\/div>\n\n\n\n<h2 class=\"wp-block-heading\"><span class=\"ez-toc-section\" id=\"frequentation-de-concerts-et-de-discotheques\"><\/span>Fr\u00e9quentation de concerts et de discoth\u00e8ques<span class=\"ez-toc-section-end\"><\/span><\/h2>\n\n\n\n<div class=\"wp-block-columns is-layout-flex wp-container-core-columns-is-layout-4 wp-block-columns-is-layout-flex\">\n<div class=\"wp-block-column is-layout-flow wp-block-column-is-layout-flow\">\n<p>Outre le matraquage musical dans les espaces publiques, les concerts et les f\u00eates constituent une autre forme de sonorisation volontaire. Cette derni\u00e8re est \u00e9galement d&rsquo;ordre public et, d\u00e9j\u00e0, bien politis\u00e9e. En Suisse, les r\u00e8gles \u00e0 respecter par les manifestations musicales sont fix\u00e9es dans l&rsquo;ordonnance son et laser. Il y est sp\u00e9cifi\u00e9 que le volume sonore ne doit pas d\u00e9passer 100 dB(A). On ne devrait exposer ses oreilles \u00e0 un tel volume que pendant deux heures par semaine au maximum. Un niveau acoustique similaire est \u00e9galement atteint dans les locaux de r\u00e9p\u00e9tition, voire m\u00eame lorsque l&rsquo;on joue de la musique \u00e0 la maison. M\u00eame les instruments acoustiques tels que trompettes, violons ou pianos, peuvent atteindre des niveaux sonores qui, \u00e0 long terme, sont \u00e9galement dangereux pour l&rsquo;ou\u00efe.<\/p>\n\n\n\n<p><a class=\"_ex\" href=\"https:\/\/www.schallundlaser.ch\/2_fr\/\" target=\"_blank\" rel=\"noreferrer noopener\">sonetlaser.ch<\/a><\/p>\n<\/div>\n<\/div>\n","protected":false},"excerpt":{"rendered":"<p>La devise de la Journ\u00e9e contre le bruit 2011 s&rsquo;intitule \u00ab\u00a0Trop fort, \u00e7a craint!\u00a0\u00bb. Cette fois-ci, contrairement aux ann\u00e9es pr\u00e9c\u00e9dentes, le th\u00e8me central ne porte pas sur le bruit dans le sens habituel du terme. Car le bruit, par d\u00e9finition ind\u00e9sirable, et toujours per\u00e7u comme trop fort. Cette fois nous parlons plut\u00f4t de musique, et [&hellip;]<\/p>\n","protected":false},"author":1,"featured_media":1795,"parent":2765,"menu_order":6,"comment_status":"closed","ping_status":"closed","template":"","meta":{"advgb_blocks_editor_width":"","advgb_blocks_columns_visual_guide":"","footnotes":""},"class_list":["post-2857","page","type-page","status-publish","has-post-thumbnail","hentry"],"yoast_head":"<!-- This site is optimized with the Yoast SEO plugin v23.7 - https:\/\/yoast.com\/wordpress\/plugins\/seo\/ -->\n<title>2011 - Trop fort \u00e7a craint - Bruit.ch<\/title>\n<meta name=\"robots\" content=\"index, follow, max-snippet:-1, max-image-preview:large, max-video-preview:-1\" \/>\n<link rel=\"canonical\" href=\"https:\/\/laerm.ch\/tag-gegen-laerm\/archiv\/kampagne-2011\/\" \/>\n<meta property=\"og:locale\" content=\"fr_FR\" \/>\n<meta property=\"og:type\" content=\"article\" \/>\n<meta property=\"og:title\" content=\"2011 - Trop fort \u00e7a craint - Bruit.ch\" \/>\n<meta property=\"og:description\" content=\"La devise de la Journ\u00e9e contre le bruit 2011 s&rsquo;intitule \u00ab\u00a0Trop fort, \u00e7a craint!\u00a0\u00bb. Cette fois-ci, contrairement aux ann\u00e9es pr\u00e9c\u00e9dentes, le th\u00e8me central ne porte pas sur le bruit dans le sens habituel du terme. Car le bruit, par d\u00e9finition ind\u00e9sirable, et toujours per\u00e7u comme trop fort. Cette fois nous parlons plut\u00f4t de musique, et [&hellip;]\" \/>\n<meta property=\"og:url\" content=\"https:\/\/laerm.ch\/tag-gegen-laerm\/archiv\/kampagne-2011\/\" \/>\n<meta property=\"og:site_name\" content=\"Bruit.ch\" \/>\n<meta property=\"article:modified_time\" content=\"2025-02-04T13:06:38+00:00\" \/>\n<meta property=\"og:image\" content=\"https:\/\/laerm.ch\/wp-content\/uploads\/tag-gegen-laerm-2011_fr.jpg\" \/>\n\t<meta property=\"og:image:width\" content=\"725\" \/>\n\t<meta property=\"og:image:height\" content=\"300\" \/>\n\t<meta property=\"og:image:type\" content=\"image\/jpeg\" \/>\n<meta name=\"twitter:card\" content=\"summary_large_image\" \/>\n<meta name=\"twitter:label1\" content=\"Dur\u00e9e de lecture estim\u00e9e\" \/>\n\t<meta name=\"twitter:data1\" content=\"3 minutes\" \/>\n<script type=\"application\/ld+json\" class=\"yoast-schema-graph\">{\"@context\":\"https:\/\/schema.org\",\"@graph\":[{\"@type\":\"WebPage\",\"@id\":\"https:\/\/laerm.ch\/tag-gegen-laerm\/archiv\/kampagne-2011\/\",\"url\":\"https:\/\/laerm.ch\/tag-gegen-laerm\/archiv\/kampagne-2011\/\",\"name\":\"2011 - Trop fort \u00e7a craint - Bruit.ch\",\"isPartOf\":{\"@id\":\"https:\/\/laerm.ch\/#website\"},\"primaryImageOfPage\":{\"@id\":\"https:\/\/laerm.ch\/tag-gegen-laerm\/archiv\/kampagne-2011\/#primaryimage\"},\"image\":{\"@id\":\"https:\/\/laerm.ch\/tag-gegen-laerm\/archiv\/kampagne-2011\/#primaryimage\"},\"thumbnailUrl\":\"https:\/\/laerm.ch\/wp-content\/uploads\/tag-gegen-laerm-2011_fr.jpg\",\"datePublished\":\"2024-01-26T14:51:59+00:00\",\"dateModified\":\"2025-02-04T13:06:38+00:00\",\"breadcrumb\":{\"@id\":\"https:\/\/laerm.ch\/tag-gegen-laerm\/archiv\/kampagne-2011\/#breadcrumb\"},\"inLanguage\":\"fr-FR\",\"potentialAction\":[{\"@type\":\"ReadAction\",\"target\":[\"https:\/\/laerm.ch\/tag-gegen-laerm\/archiv\/kampagne-2011\/\"]}]},{\"@type\":\"ImageObject\",\"inLanguage\":\"fr-FR\",\"@id\":\"https:\/\/laerm.ch\/tag-gegen-laerm\/archiv\/kampagne-2011\/#primaryimage\",\"url\":\"https:\/\/laerm.ch\/wp-content\/uploads\/tag-gegen-laerm-2011_fr.jpg\",\"contentUrl\":\"https:\/\/laerm.ch\/wp-content\/uploads\/tag-gegen-laerm-2011_fr.jpg\",\"width\":725,\"height\":300},{\"@type\":\"BreadcrumbList\",\"@id\":\"https:\/\/laerm.ch\/tag-gegen-laerm\/archiv\/kampagne-2011\/#breadcrumb\",\"itemListElement\":[{\"@type\":\"ListItem\",\"position\":1,\"name\":\"Startseite\",\"item\":\"https:\/\/test.laerm.ch\/fr\/\"},{\"@type\":\"ListItem\",\"position\":2,\"name\":\"Journ\u00e9e contre le bruit\",\"item\":\"https:\/\/laerm.ch\/fr\/journee-contre-le-bruit\/\"},{\"@type\":\"ListItem\",\"position\":3,\"name\":\"Archives\",\"item\":\"https:\/\/laerm.ch\/fr\/journee-contre-le-bruit\/archives\/\"},{\"@type\":\"ListItem\",\"position\":4,\"name\":\"2011 &#8211; Trop fort \u00e7a craint\"}]},{\"@type\":\"WebSite\",\"@id\":\"https:\/\/laerm.ch\/#website\",\"url\":\"https:\/\/laerm.ch\/\",\"name\":\"L\u00e4rm.ch\",\"description\":\"Bienvenue sur Bruit.ch, le portail complet de Cercle Bruit sur le th\u00e8me du bruit et de la protection contre le bruit.\",\"publisher\":{\"@id\":\"https:\/\/laerm.ch\/#organization\"},\"potentialAction\":[{\"@type\":\"SearchAction\",\"target\":{\"@type\":\"EntryPoint\",\"urlTemplate\":\"https:\/\/laerm.ch\/?s={search_term_string}\"},\"query-input\":{\"@type\":\"PropertyValueSpecification\",\"valueRequired\":true,\"valueName\":\"search_term_string\"}}],\"inLanguage\":\"fr-FR\"},{\"@type\":\"Organization\",\"@id\":\"https:\/\/laerm.ch\/#organization\",\"name\":\"Cercle Bruit\",\"url\":\"https:\/\/laerm.ch\/\",\"logo\":{\"@type\":\"ImageObject\",\"inLanguage\":\"fr-FR\",\"@id\":\"https:\/\/laerm.ch\/#\/schema\/logo\/image\/\",\"url\":\"https:\/\/laerm.ch\/wp-content\/uploads\/cercleBruitLogoText.png\",\"contentUrl\":\"https:\/\/laerm.ch\/wp-content\/uploads\/cercleBruitLogoText.png\",\"width\":512,\"height\":329,\"caption\":\"Cercle Bruit\"},\"image\":{\"@id\":\"https:\/\/laerm.ch\/#\/schema\/logo\/image\/\"}}]}<\/script>\n<!-- \/ Yoast SEO plugin. -->","yoast_head_json":{"title":"2011 - Trop fort \u00e7a craint - Bruit.ch","robots":{"index":"index","follow":"follow","max-snippet":"max-snippet:-1","max-image-preview":"max-image-preview:large","max-video-preview":"max-video-preview:-1"},"canonical":"https:\/\/laerm.ch\/tag-gegen-laerm\/archiv\/kampagne-2011\/","og_locale":"fr_FR","og_type":"article","og_title":"2011 - Trop fort \u00e7a craint - Bruit.ch","og_description":"La devise de la Journ\u00e9e contre le bruit 2011 s&rsquo;intitule \u00ab\u00a0Trop fort, \u00e7a craint!\u00a0\u00bb. Cette fois-ci, contrairement aux ann\u00e9es pr\u00e9c\u00e9dentes, le th\u00e8me central ne porte pas sur le bruit dans le sens habituel du terme. Car le bruit, par d\u00e9finition ind\u00e9sirable, et toujours per\u00e7u comme trop fort. Cette fois nous parlons plut\u00f4t de musique, et [&hellip;]","og_url":"https:\/\/laerm.ch\/tag-gegen-laerm\/archiv\/kampagne-2011\/","og_site_name":"Bruit.ch","article_modified_time":"2025-02-04T13:06:38+00:00","og_image":[{"width":725,"height":300,"url":"https:\/\/laerm.ch\/wp-content\/uploads\/tag-gegen-laerm-2011_fr.jpg","type":"image\/jpeg"}],"twitter_card":"summary_large_image","twitter_misc":{"Dur\u00e9e de lecture estim\u00e9e":"3 minutes"},"schema":{"@context":"https:\/\/schema.org","@graph":[{"@type":"WebPage","@id":"https:\/\/laerm.ch\/tag-gegen-laerm\/archiv\/kampagne-2011\/","url":"https:\/\/laerm.ch\/tag-gegen-laerm\/archiv\/kampagne-2011\/","name":"2011 - Trop fort \u00e7a craint - Bruit.ch","isPartOf":{"@id":"https:\/\/laerm.ch\/#website"},"primaryImageOfPage":{"@id":"https:\/\/laerm.ch\/tag-gegen-laerm\/archiv\/kampagne-2011\/#primaryimage"},"image":{"@id":"https:\/\/laerm.ch\/tag-gegen-laerm\/archiv\/kampagne-2011\/#primaryimage"},"thumbnailUrl":"https:\/\/laerm.ch\/wp-content\/uploads\/tag-gegen-laerm-2011_fr.jpg","datePublished":"2024-01-26T14:51:59+00:00","dateModified":"2025-02-04T13:06:38+00:00","breadcrumb":{"@id":"https:\/\/laerm.ch\/tag-gegen-laerm\/archiv\/kampagne-2011\/#breadcrumb"},"inLanguage":"fr-FR","potentialAction":[{"@type":"ReadAction","target":["https:\/\/laerm.ch\/tag-gegen-laerm\/archiv\/kampagne-2011\/"]}]},{"@type":"ImageObject","inLanguage":"fr-FR","@id":"https:\/\/laerm.ch\/tag-gegen-laerm\/archiv\/kampagne-2011\/#primaryimage","url":"https:\/\/laerm.ch\/wp-content\/uploads\/tag-gegen-laerm-2011_fr.jpg","contentUrl":"https:\/\/laerm.ch\/wp-content\/uploads\/tag-gegen-laerm-2011_fr.jpg","width":725,"height":300},{"@type":"BreadcrumbList","@id":"https:\/\/laerm.ch\/tag-gegen-laerm\/archiv\/kampagne-2011\/#breadcrumb","itemListElement":[{"@type":"ListItem","position":1,"name":"Startseite","item":"https:\/\/test.laerm.ch\/fr\/"},{"@type":"ListItem","position":2,"name":"Journ\u00e9e contre le bruit","item":"https:\/\/laerm.ch\/fr\/journee-contre-le-bruit\/"},{"@type":"ListItem","position":3,"name":"Archives","item":"https:\/\/laerm.ch\/fr\/journee-contre-le-bruit\/archives\/"},{"@type":"ListItem","position":4,"name":"2011 &#8211; Trop fort \u00e7a craint"}]},{"@type":"WebSite","@id":"https:\/\/laerm.ch\/#website","url":"https:\/\/laerm.ch\/","name":"L\u00e4rm.ch","description":"Bienvenue sur Bruit.ch, le portail complet de Cercle Bruit sur le th\u00e8me du bruit et de la protection contre le bruit.","publisher":{"@id":"https:\/\/laerm.ch\/#organization"},"potentialAction":[{"@type":"SearchAction","target":{"@type":"EntryPoint","urlTemplate":"https:\/\/laerm.ch\/?s={search_term_string}"},"query-input":{"@type":"PropertyValueSpecification","valueRequired":true,"valueName":"search_term_string"}}],"inLanguage":"fr-FR"},{"@type":"Organization","@id":"https:\/\/laerm.ch\/#organization","name":"Cercle Bruit","url":"https:\/\/laerm.ch\/","logo":{"@type":"ImageObject","inLanguage":"fr-FR","@id":"https:\/\/laerm.ch\/#\/schema\/logo\/image\/","url":"https:\/\/laerm.ch\/wp-content\/uploads\/cercleBruitLogoText.png","contentUrl":"https:\/\/laerm.ch\/wp-content\/uploads\/cercleBruitLogoText.png","width":512,"height":329,"caption":"Cercle Bruit"},"image":{"@id":"https:\/\/laerm.ch\/#\/schema\/logo\/image\/"}}]}},"coauthors":[],"author_meta":{"author_link":"https:\/\/laerm.ch\/fr\/author\/f9c1af47f5d7fcc5\/","display_name":"admin"},"relative_dates":{"created":"Publi\u00e9 2 ans il y a","modified":"Mis \u00e0 jour 1 an il y a"},"absolute_dates":{"created":"Publi\u00e9 le 26. janvier 2024","modified":"Mise \u00e0 jour le 4. f\u00e9vrier 2025"},"absolute_dates_time":{"created":"Publi\u00e9 le 26. janvier 2024 15:51","modified":"Mise \u00e0 jour le 4. f\u00e9vrier 2025 14:06"},"featured_img_caption":"","featured_img":"https:\/\/laerm.ch\/wp-content\/uploads\/tag-gegen-laerm-2011_fr.jpg","series_order":"","_links":{"self":[{"href":"https:\/\/laerm.ch\/fr\/wp-json\/wp\/v2\/pages\/2857"}],"collection":[{"href":"https:\/\/laerm.ch\/fr\/wp-json\/wp\/v2\/pages"}],"about":[{"href":"https:\/\/laerm.ch\/fr\/wp-json\/wp\/v2\/types\/page"}],"author":[{"embeddable":true,"href":"https:\/\/laerm.ch\/fr\/wp-json\/wp\/v2\/users\/1"}],"replies":[{"embeddable":true,"href":"https:\/\/laerm.ch\/fr\/wp-json\/wp\/v2\/comments?post=2857"}],"version-history":[{"count":22,"href":"https:\/\/laerm.ch\/fr\/wp-json\/wp\/v2\/pages\/2857\/revisions"}],"predecessor-version":[{"id":4980,"href":"https:\/\/laerm.ch\/fr\/wp-json\/wp\/v2\/pages\/2857\/revisions\/4980"}],"up":[{"embeddable":true,"href":"https:\/\/laerm.ch\/fr\/wp-json\/wp\/v2\/pages\/2765"}],"wp:featuredmedia":[{"embeddable":true,"href":"https:\/\/laerm.ch\/fr\/wp-json\/wp\/v2\/media\/1795"}],"wp:attachment":[{"href":"https:\/\/laerm.ch\/fr\/wp-json\/wp\/v2\/media?parent=2857"}],"curies":[{"name":"wp","href":"https:\/\/api.w.org\/{rel}","templated":true}]}}