{"id":344,"date":"2023-10-17T18:47:05","date_gmt":"2023-10-17T16:47:05","guid":{"rendered":"https:\/\/laerm.ch\/connaissances-du-bruit\/laerm-und-gesundheit\/"},"modified":"2024-09-15T13:13:59","modified_gmt":"2024-09-15T11:13:59","slug":"bruit-et-sante","status":"publish","type":"page","link":"https:\/\/laerm.ch\/fr\/connaissances-du-bruit\/bruit-et-sante\/","title":{"rendered":"Bruit et sant\u00e9"},"content":{"rendered":"<div id=\"ez-toc-container\" class=\"ez-toc-v2_0_69_1 counter-hierarchy ez-toc-counter ez-toc-transparent ez-toc-container-direction\">\n<label for=\"ez-toc-cssicon-toggle-item-69f0b9a5d9b61\" class=\"ez-toc-cssicon-toggle-label\"><p class=\"ez-toc-title\" style=\"cursor:inherit\">Table des mati\u00e8res<\/p>\n<span class=\"ez-toc-cssicon\"><span class=\"eztoc-hide\" style=\"display:none;\">Toggle<\/span><span class=\"ez-toc-icon-toggle-span\"><svg style=\"fill: #999;color:#999\" xmlns=\"http:\/\/www.w3.org\/2000\/svg\" class=\"list-377408\" width=\"20px\" height=\"20px\" viewBox=\"0 0 24 24\" fill=\"none\"><path d=\"M6 6H4v2h2V6zm14 0H8v2h12V6zM4 11h2v2H4v-2zm16 0H8v2h12v-2zM4 16h2v2H4v-2zm16 0H8v2h12v-2z\" fill=\"currentColor\"><\/path><\/svg><svg style=\"fill: #999;color:#999\" class=\"arrow-unsorted-368013\" xmlns=\"http:\/\/www.w3.org\/2000\/svg\" width=\"10px\" height=\"10px\" viewBox=\"0 0 24 24\" version=\"1.2\" baseProfile=\"tiny\"><path d=\"M18.2 9.3l-6.2-6.3-6.2 6.3c-.2.2-.3.4-.3.7s.1.5.3.7c.2.2.4.3.7.3h11c.3 0 .5-.1.7-.3.2-.2.3-.5.3-.7s-.1-.5-.3-.7zM5.8 14.7l6.2 6.3 6.2-6.3c.2-.2.3-.5.3-.7s-.1-.5-.3-.7c-.2-.2-.4-.3-.7-.3h-11c-.3 0-.5.1-.7.3-.2.2-.3.5-.3.7s.1.5.3.7z\"\/><\/svg><\/span><\/span><\/label><input type=\"checkbox\" style='display:none' id=\"ez-toc-cssicon-toggle-item-69f0b9a5d9b61\" checked \/><nav><ul class='ez-toc-list ez-toc-list-level-1 ' ><li class='ez-toc-page-1 ez-toc-heading-level-2'><a class=\"ez-toc-link ez-toc-heading-1\" href=\"https:\/\/laerm.ch\/fr\/connaissances-du-bruit\/bruit-et-sante\/#le-bruit-rend-malade\" title=\"Le bruit rend malade\">Le bruit rend malade<\/a><ul class='ez-toc-list-level-3' ><li class='ez-toc-heading-level-3'><a class=\"ez-toc-link ez-toc-heading-2\" href=\"https:\/\/laerm.ch\/fr\/connaissances-du-bruit\/bruit-et-sante\/#lignes-directrices-de-loms-relatives-au-bruit-dans-lenvironnement\" title=\"Lignes directrices de l&rsquo;OMS relatives au bruit dans l\u2019environnement\">Lignes directrices de l&rsquo;OMS relatives au bruit dans l\u2019environnement<\/a><\/li><li class='ez-toc-page-1 ez-toc-heading-level-3'><a class=\"ez-toc-link ez-toc-heading-3\" href=\"https:\/\/laerm.ch\/fr\/connaissances-du-bruit\/bruit-et-sante\/#resume-du-rapport-de-la-cflb-de-2021-sur-les-valeurs-limites-pour-le-bruit-routier-ferroviaire-et-aerien\" title=\"R\u00e9sum\u00e9 du rapport de la CFLB de 2021 sur les valeurs limites pour le bruit routier, ferroviaire et a\u00e9rien\">R\u00e9sum\u00e9 du rapport de la CFLB de 2021 sur les valeurs limites pour le bruit routier, ferroviaire et a\u00e9rien<\/a><\/li><li class='ez-toc-page-1 ez-toc-heading-level-3'><a class=\"ez-toc-link ez-toc-heading-4\" href=\"https:\/\/laerm.ch\/fr\/connaissances-du-bruit\/bruit-et-sante\/#informations-de-base\" title=\"Informations de base\">Informations de base<\/a><\/li><\/ul><\/li><li class='ez-toc-page-1 ez-toc-heading-level-2'><a class=\"ez-toc-link ez-toc-heading-5\" href=\"https:\/\/laerm.ch\/fr\/connaissances-du-bruit\/bruit-et-sante\/#bruit-enfants\" title=\"Bruit &amp; enfants\">Bruit &amp; enfants<\/a><ul class='ez-toc-list-level-3' ><li class='ez-toc-heading-level-3'><a class=\"ez-toc-link ez-toc-heading-6\" href=\"https:\/\/laerm.ch\/fr\/connaissances-du-bruit\/bruit-et-sante\/#les-enfants-sont-particulierement-vulnerables\" title=\"Les enfants sont particuli\u00e8rement vuln\u00e9rables\">Les enfants sont particuli\u00e8rement vuln\u00e9rables<\/a><\/li><li class='ez-toc-page-1 ez-toc-heading-level-3'><a class=\"ez-toc-link ez-toc-heading-7\" href=\"https:\/\/laerm.ch\/fr\/connaissances-du-bruit\/bruit-et-sante\/#protection-des-enfants-contre-le-bruit-au-quotidien\" title=\"Protection des enfants contre le bruit au quotidien\">Protection des enfants contre le bruit au quotidien<\/a><\/li><\/ul><\/li><li class='ez-toc-page-1 ez-toc-heading-level-2'><a class=\"ez-toc-link ez-toc-heading-8\" href=\"https:\/\/laerm.ch\/fr\/connaissances-du-bruit\/bruit-et-sante\/#bruit-animaux\" title=\"Bruit &amp; animaux\">Bruit &amp; animaux<\/a><ul class='ez-toc-list-level-3' ><li class='ez-toc-heading-level-3'><a class=\"ez-toc-link ez-toc-heading-9\" href=\"https:\/\/laerm.ch\/fr\/connaissances-du-bruit\/bruit-et-sante\/#le-bruit-modifie-lhabitat\" title=\"Le bruit modifie l&rsquo;habitat\">Le bruit modifie l&rsquo;habitat<\/a><\/li><li class='ez-toc-page-1 ez-toc-heading-level-3'><a class=\"ez-toc-link ez-toc-heading-10\" href=\"https:\/\/laerm.ch\/fr\/connaissances-du-bruit\/bruit-et-sante\/#les-animaux-entendent-differentes-frequences\" title=\"Les animaux entendent diff\u00e9rentes fr\u00e9quences\">Les animaux entendent diff\u00e9rentes fr\u00e9quences<\/a><\/li><li class='ez-toc-page-1 ez-toc-heading-level-3'><a class=\"ez-toc-link ez-toc-heading-11\" href=\"https:\/\/laerm.ch\/fr\/connaissances-du-bruit\/bruit-et-sante\/#la-protection-contre-le-bruit-profite-egalement-aux-animaux\" title=\"La protection contre le bruit profite \u00e9galement aux animaux\">La protection contre le bruit profite \u00e9galement aux animaux<\/a><\/li><\/ul><\/li><\/ul><\/nav><\/div>\n\n<p>Les bruits forts et inconnus \u00e9taient un signe de danger dans les temps anciens. C\u2019est pourquoi, en cas de bruit, le corps se met en <strong>\u00e9tat d\u2019alerte<\/strong> et se pr\u00e9pare \u00e0 la fuite. Aujourd\u2019hui, bien que nos conditions de vie soient diff\u00e9rentes, notre corps r\u00e9agit toujours de la m\u00eame fa\u00e7on. Expos\u00e9 \u00e0 un bruit excessif, il s\u00e9cr\u00e8te des hormones de stress. Il en r\u00e9sulte une vigilance accrue ainsi qu\u2019une augmentation de la tension art\u00e9rielle et du rythme cardiaque. Notre corps ne s\u2019habitue pas au bruit- malgr\u00e9 une impression subjective contraire. Si nous sommes r\u00e9guli\u00e8rement expos\u00e9s au bruit, alors celui-ci peut rendre notre corps malade.<\/p>\n\n<p>Dans un rapport de l&rsquo;Organisation mondiale de la sant\u00e9 (OMS), le bruit est pr\u00e9sent\u00e9, avec la pollution atmosph\u00e9rique, comme le risque environnemental le plus important pour la sant\u00e9.<\/p>\n\n<p>L&rsquo;article \u00ab\u00a0Noise Abatement Approaches\u00a0\u00bb publi\u00e9 par la Commission europ\u00e9enne reconna\u00eet \u00e9galement la complexit\u00e9 et l&rsquo;importance du probl\u00e8me du bruit. L&rsquo;article pr\u00e9conise une combinaison d&rsquo;approches \u00e0 court, moyen et long terme pour r\u00e9soudre les probl\u00e8mes qui y sont li\u00e9s.<\/p>\n\n<h2 class=\"wp-block-heading\"><span class=\"ez-toc-section\" id=\"le-bruit-rend-malade\"><\/span>Le bruit rend malade<span class=\"ez-toc-section-end\"><\/span><\/h2>\n\n<h4 class=\"wp-block-heading\"><strong>Que se passe-t-il dans l&rsquo;organisme lorsque le volume sonore augmente<\/strong>?<\/h4>\n\n<p>Les glandes surr\u00e9nales s\u00e9cr\u00e8tent des hormones de stress comme le cortisol ou l&rsquo;adr\u00e9naline, ce qui permet au corps de se pr\u00e9parer au combat ou \u00e0 la fuite. Les r\u00e9serves de graisse et de sucre sont pomp\u00e9es dans le sang pour fournir de l&rsquo;\u00e9nergie. Le syst\u00e8me immunitaire est affaibli, le c\u0153ur bat plus vite et la pression art\u00e9rielle augmente. Ces r\u00e9actions se produisent \u00e9galement lorsque nous dormons. M\u00eame si nous le souhaitions, notre organisme ne peut pas ignorer le bruit. Le bruit nuit donc \u00e0 la sant\u00e9 non seulement lorsque l&rsquo;on se sent stress\u00e9, mais aussi sans que l&rsquo;on s&rsquo;en rende compte. Dans un environnement bruyant, nos tentatives de faire abstraction activement du bruit se transforment rapidement en une performance de filtrage exigeant beaucoup d&rsquo;\u00e9nergie.<\/p>\n\n<h4 class=\"wp-block-heading\"><strong>500 morts par ann\u00e9e en Suisse \u00e0 cause du bruit ? <\/strong><\/h4>\n\n<p>Comment le prouver ? Aujourd&rsquo;hui, les scientifiques sont en mesure de le d\u00e9montrer avec une grande pr\u00e9cision, car le bruit laisse des traces dans le corps. Les mol\u00e9cules pr\u00e9sentes dans le sang permettent d&rsquo;identifier les m\u00e9canismes biologiques par lesquels notre sant\u00e9 est affect\u00e9e par le bruit au fil des ann\u00e9es. Toutes les cons\u00e9quences des nuisances sonores, soigneusement r\u00e9pertori\u00e9es :<\/p>\n\n<p><a class=\"_extern\" href=\"https:\/\/www.bafu.admin.ch\/bafu\/fr\/home\/themes\/bruit\/info-specialistes\/effets-du-bruit\/effets-du-bruit-sur-la-sante.html\">Effets du bruit sur la sant\u00e9 (admin.ch)<\/a><\/p>\n\n<h3 class=\"wp-block-heading\"><span class=\"ez-toc-section\" id=\"lignes-directrices-de-loms-relatives-au-bruit-dans-lenvironnement\"><\/span>Lignes directrices de l&rsquo;OMS relatives au bruit dans l\u2019environnement<span class=\"ez-toc-section-end\"><\/span><\/h3>\n\n<p>L&rsquo;Organisation mondiale de la sant\u00e9 (OMS) a publi\u00e9 des lignes directrices sur le bruit dans l\u2019environnement dans la r\u00e9gion europ\u00e9enne. L&rsquo;objectif principal est d\u2019apporter des recommandations en vue de prot\u00e9ger la sant\u00e9 humaine de l\u2019exposition au bruit provenant de diverses sources environnementales.<\/p>\n\n<p>Cinq sources de bruit diff\u00e9rentes sont consid\u00e9r\u00e9es : Le bruit d\u00fb au trafic (routier, ferroviaire et a\u00e9rien), le bruit d\u00fb aux \u00e9oliennes et le bruit d\u00fb aux loisirs. Pour chacune de ces sources de bruit, des valeurs limites indicatives sont d\u00e9finies pour le niveau sonore continu druant toute la journ\u00e9e et pour la p\u00e9riode nocturne. Des recommandations relatives aux mesures de r\u00e9duction du bruit sont \u00e9galement formul\u00e9es.<\/p>\n\n<p>En ce qui concerne l&rsquo;exposition moyenne au bruit, il est recommand\u00e9 de r\u00e9duire le niveau sonore des diff\u00e9rents types de bruit aux valeurs suivantes :<\/p>\n\n<ul class=\"wp-block-list\">\n<li>Bruit d\u00fb au trafic routier : &lt;53 dB le jour et &lt;45 dB la nuit<\/li>\n\n\n\n<li>Bruit d\u00fb au trafic ferroviaire : &lt;54 dB le jour et &lt;44 dB la nuit<\/li>\n\n\n\n<li>Bruit d\u00fb au traffic a\u00e9rien : 45 dB le jour et &lt;40 dB la nuit<\/li>\n\n\n\n<li>Bruit d\u00fb aux \u00e9oliennes : &lt;45 dB le jour<\/li>\n\n\n\n<li>Bruit d\u00fb aux loisirs : &lt;70 dB en moyenne annuelle<\/li>\n<\/ul>\n\n<p>Vous trouverez ci-dessous le r\u00e9sum\u00e9 des lignes directrices de l&rsquo;OMS sur le bruit dans l&rsquo;environnement : <\/p>\n\n<p><a class=\"_extern\" href=\"https:\/\/apps.who.int\/iris\/bitstream\/handle\/10665\/343938\/WHO-EURO-2018-3287-43046-60247-ger.pdf?sequence=2&amp;isAllowed=y\" target=\"_blank\" rel=\"noreferrer noopener\">Lignes directrices de l&rsquo;OMS 2018<\/a><\/p>\n\n<h3 class=\"wp-block-heading\"><span class=\"ez-toc-section\" id=\"resume-du-rapport-de-la-cflb-de-2021-sur-les-valeurs-limites-pour-le-bruit-routier-ferroviaire-et-aerien\"><\/span>R\u00e9sum\u00e9 du rapport de la CFLB de 2021 sur les valeurs limites pour le bruit routier, ferroviaire et a\u00e9rien<span class=\"ez-toc-section-end\"><\/span><\/h3>\n\n<p>Selon la Constitution f\u00e9d\u00e9rale (art. 74, al. 1, Cst.) et la loi sur la protection de l&rsquo;environnement (art. 1, al. 1, LPE), la protection de l&rsquo;environnement doit \u00ab\u00a0prot\u00e9ger l&rsquo;\u00eatre humein et son environnement naturel, &#8230; contre les atteintes nuisibles ou incommodantes\u00a0\u00bb. Ce qui est consid\u00e9r\u00e9 comme un bruit nuisible ou incommodant est d\u00e9fini par le Conseil f\u00e9d\u00e9ral sous la forme de valeurs limites d&rsquo;exposition.<\/p>\n\n<p>Le syst\u00e8me de valeurs limites en vigueur est obsol\u00e8te. Les nouvelles connaissances sur les effets du bruit sur la sant\u00e9 ne concordent parfois plus avec celles dont nous disposions jusqu&rsquo;\u00e0 pr\u00e9sent.<\/p>\n\n<p>La pr\u00e9sente r\u00e9vision des valeurs limites de la CFLB se base sur les \u00e9tudes suivantes :<\/p>\n\n<ul class=\"wp-block-list\">\n<li><a class=\"ex_\" href=\"http:\/\/www.sirene-studie.ch\/\" target=\"_blank\" rel=\"noreferrer noopener\">\u00c9tude SiRENE<\/a> (Effets \u00e0 court et \u00e0 long terme de l&rsquo;exposition au bruit d\u00fb aux transports) :<\/li>\n\n\n\n<li>Un projet de recherche interdisciplinaire en Suisse men\u00e9 entre 2014 et 2020, qui combine des exp\u00e9riences en laboratoire du sommeil avec des recherches \u00e9pid\u00e9miologiques, des enqu\u00eates aupr\u00e8s de la population et des calculs et mod\u00e9lisations acoustiques complexes.<\/li>\n\n\n\n<li><a class=\"ex_\" href=\"http:\/\/www.euro.who.int\/en\/health-topics\/environment-and-%20health\/noise\/publications\/2018\/environmental-noise-guidelines-for-the-%20european-region-2018\" target=\"_blank\" rel=\"noreferrer noopener\">Lignes directrices de l&rsquo;OMS sur le bruit dans l&rsquo;environnement dans la r\u00e9gion europ\u00e9enne<\/a> <\/li>\n\n\n\n<li><a class=\"ex_\" href=\"http:\/\/www.laermstudie.de\/en\/\" target=\"_blank\" rel=\"noreferrer noopener\">\u00c9tude NORAH<\/a> (Noise-Related Annoyance, Cognition, and Health) : la plus grande \u00e9tude allemande sur un million de sujets dans la r\u00e9gion Rhin-Main <\/li>\n\n\n\n<li>Autres \u00e9tudes empiriques nationales et \u00e9trang\u00e8res<\/li>\n<\/ul>\n\n<p>L&rsquo;\u00e9tat actuel des connaissances et de l&rsquo;exp\u00e9rience au sens de l&rsquo;art. 15 LPE a \u00e9t\u00e9 examin\u00e9. Le bien \u00e0 prot\u00e9ger est le \u00ab\u00a0bien-\u00eatre de la population\u00a0\u00bb. Celui-ci comprend le bien-\u00eatre psychique, physique et social de l&rsquo;\u00eatre humain en tant que base de son \u00e9panouissement, de ses performances et de sa joie de vivre, et ne signifie en aucun cas seulement l&rsquo;absence de maladie et d&rsquo;infirmit\u00e9.<\/p>\n\n<p>Les valeurs limites actuelles tiennent compte de la g\u00eane occasionn\u00e9e par le bruit le jour et des perturbations du sommeil dues au bruit la nuit. Ces valeurs limites sont bas\u00e9es sur l&rsquo;hypoth\u00e8se que des effets n\u00e9fastes sur la sant\u00e9 ne peuvent se produire que si l&rsquo;on est d\u00e9rang\u00e9 par le bruit.<\/p>\n\n<p><strong>Les r\u00e9sultats des \u00e9tudes susmentionn\u00e9es montrent d\u00e9sormais que les effets n\u00e9fastes du bruit sur la sant\u00e9 surviennent m\u00eame lorsque l&rsquo;on ne se sent pas g\u00ean\u00e9.<\/strong><\/p>\n\n<p>Toutefois, il n&rsquo;existe pas non plus de droit au silence absolu ou de valeurs de niveau au-dessous duquel les effets du bruit peuvent \u00eatre exclus \u00e0 100 %. C&rsquo;est pourquoi le rapport du CFLB introduit la notion de <strong>\u00ab\u00a0risque acceptable\u00a0\u00bb<\/strong>. Selon cette notion, une perturbation du bien-\u00eatre doit \u00eatre consid\u00e9r\u00e9e comme \u00ab\u00a0sensible\u00a0\u00bb si le risque socialement accept\u00e9 de subir une atteinte nuisible ou incommodante due au bruit est d\u00e9pass\u00e9.<\/p>\n\n<p>Pour les \u00ab\u00a0nuisances sensibles\u00a0\u00bb, l&rsquo;OMS fixe le seuil du risque accept\u00e9 \u00e0 10 %. C&rsquo;est-\u00e0-dire qu&rsquo;avec une valeur de 10% HA (High Annoyance), 10 % de la population se sent encore fortement incommod\u00e9e, malgr\u00e9 le respect des valeurs limites. Avec les valeurs limites actuelles, cette valeur est aujourd&rsquo;hui de 25 % HA. Cette valeur doit \u00eatre maintenue \u00e0 l&rsquo;avenir.<\/p>\n\n<p>Le rapport de la CFLB contient de nombreux \u00e9l\u00e9ments cl\u00e9s fond\u00e9s sur les donn\u00e9es les plus r\u00e9centes. Voici quelques-uns des principaux constats qui en ressortent :<\/p>\n\n<ul class=\"wp-block-list\">\n<li>La recherche sur les effets du bruit a montr\u00e9 que le syst\u00e8me nerveux v\u00e9g\u00e9tatif est plus sensible de 10 \u00e0 12 dB en \u00e9tat de sommeil qu\u2019en \u00e9tat de veille.<\/li>\n\n\n\n<li>De m\u00eame, une sensibilit\u00e9 accrue a \u00e9t\u00e9 observ\u00e9e le matin et le soir. Le niveau de nuisance est le plus bas entre 9 heures et 16 heures.<\/li>\n\n\n\n<li>Les enqu\u00eates n&rsquo;ont pas permis de constater de diff\u00e9rences significatives quant au moment \u00e0 partir duquel les habitants des zones avec degr\u00e9 de sensibilit\u00e9 au bruit DS II et DSIII se sentent incommod\u00e9s. Par cons\u00e9quent, la protection moindre contre le bruit en DS III n&rsquo;est plus justifi\u00e9e.<\/li>\n\n\n\n<li>Des sondages ont montr\u00e9 qu&rsquo;\u00e0 niveau moyen \u00e9gal, le bruit continu du trafic routier est jug\u00e9 plus g\u00eanant que le bruit du trafic routier avec des \u00e9v\u00e9nements isol\u00e9s marqu\u00e9s (intermittence IR \u00e9lev\u00e9e).<\/li>\n\n\n\n<li>Pour les \u00e9v\u00e9nements de bruit d\u00fb au trafic ferroviaire (intermittence IR \u00e9lev\u00e9e), il s&rsquo;est av\u00e9r\u00e9 que la probabilit\u00e9 de r\u00e9veil d\u00e9pendait, outre du niveau maximal, de la soudainet\u00e9 de l&rsquo;\u00e9v\u00e9nement (pente de l&rsquo;augmentation du niveau sonore). En tenant compte du risque d&rsquo;infarctus du myocarde, ce constat peut \u00eatre g\u00e9n\u00e9ralis\u00e9 \u00e0 tous les types de bruit de la circulation.<\/li>\n\n\n\n<li>Le risque de d\u00e9velopper un diab\u00e8te augmente de 35 % pour chaque augmentation de 10 dB du niveau sonore moyen du trafic routier. Ce r\u00e9sultat est ind\u00e9pendant de la pollution de l&rsquo;air, de l&rsquo;IR, de l&rsquo;exposition subjective au bruit et de la sensibilit\u00e9 au bruit.<\/li>\n<\/ul>\n\n<p>Compte tenu de l&rsquo;\u00e9tat actuel des connaissances, la CFLB recommande une adaptation du syst\u00e8me de valeurs limites. Ci-dessous, quelques recommandations issues du rapport :<\/p>\n\n<ul class=\"wp-block-list\">\n<li>Le lieu de la d\u00e9termination est le point de la fa\u00e7ade le plus expos\u00e9 au bruit. Aujourd&rsquo;hui, lieu de la d\u00e9termination est fix\u00e9 au centre de la fen\u00eatre ouverte. Dans les deux cas, il s&rsquo;agit de prendre en compte l&rsquo;environnement r\u00e9sidentiel dans l&rsquo;\u00e9valuation de l&rsquo;exposition au bruit sur le lieu de r\u00e9sidence. <\/li>\n\n\n\n<li>Extension de la p\u00e9riode d&rsquo;\u00e9valuation de nuit \u00e0 une dur\u00e9e de 9 heures (22-07h). Aujourd&rsquo;hui, l&rsquo;\u00e9valuation de la p\u00e9riode nocturne ne dure que jusqu&rsquo;\u00e0 06 h. Les fortes nuisances sonores entre 06 et 07h sont ainsi mieux prises en compte.<\/li>\n\n\n\n<li>Adaptation \u00e9ventuelle des niveaux d&rsquo;\u00e9valuation L<sub>DEN<\/sub> (Day, Evening, Night) et L<sub>night<\/sub>. Cela permettrait de donner plus d&rsquo;importance aux heures du matin et du soir. Le maintien des niveaux d&rsquo;\u00e9valuation actuels pour les p\u00e9riodes diurne et nocturne n&rsquo;est toutefois pas rejet\u00e9. <\/li>\n\n\n\n<li>Mise \u00e0 niveau des valeurs limites des degr\u00e9s de sensibilit\u00e9 au bruit DS II et DS III aux valeurs DS II. <\/li>\n\n\n\n<li>Adaptation des valeurs de correction de niveau aux connaissances les plus r\u00e9centes (p. ex. en lien avec la faible fr\u00e9quence du trafic sur les routes et le bonus accord\u00e9 au rail).<\/li>\n<\/ul>\n\n<p>Cette liste n&rsquo;est pas exhaustive, mais vise \u00e0 donner un aper\u00e7u sommaire des r\u00e9sultats du rapport de la CFLB. Vous pouvez t\u00e9l\u00e9charger le rapport complet ici : <a href=\"https:\/\/www.eklb.admin.ch\/inhalte\/CFLB_2021_Valeurs_limites_f.pdf\" data-type=\"link\" data-id=\"https:\/\/www.eklb.admin.ch\/inhalte\/CFLB_2021_Valeurs_limites_f.pdf\">lien (eklb.admin.ch)<\/a><\/p>\n\n<p>Ces adaptations durcissent les valeurs limites en vigueur de 0 \u00e0 11 dB.<\/p>\n\n<h3 class=\"wp-block-heading\"><span class=\"ez-toc-section\" id=\"informations-de-base\"><\/span>Informations de base<span class=\"ez-toc-section-end\"><\/span><\/h3>\n\n<h4 class=\"wp-block-heading\">\u00c9tude SiRENE<\/h4>\n\n<p>\u00ab\u00a0SiRENE\u00a0\u00bb est l&rsquo;acronyme de <em>Short and Long Term Effects of Transportation Noise Exposure<\/em>, un projet de recherche interdisciplinaire men\u00e9 en Suisse entre 2014 et 2020. L&rsquo;objectif principal de l&rsquo;\u00e9tude SiRENE \u00e9tait d&rsquo;examiner les effets du bruit du trafic routier, ferroviaire et a\u00e9rien sur les risques pour la sant\u00e9 (principalement en ce qui concerne le syst\u00e8me cardiovasculaire), la g\u00eane due au bruit et le sommeil de la population suisse. Les r\u00e9sultats de l&rsquo;\u00e9tude constituent une base importante pour la r\u00e9vision des valeurs limites d&rsquo;exposition au bruit dans l&rsquo;ordonnance f\u00e9d\u00e9rale sur la protection contre le bruit (OPB).<\/p>\n\n<p><a class=\"_extern\" rel=\"noreferrer noopener\" href=\"https:\/\/smf.swisshealthweb.ch\/de\/article\/doi\/smf.2019.03433\/\" target=\"_blank\">Lien vers la version fran\u00e7aise (swisshealthweb.ch)<\/a><br\/><a class=\"_extern\" rel=\"noreferrer noopener\" href=\"https:\/\/smf.swisshealthweb.ch\/fr\/article\/doi\/fms.2019.03433\/\" target=\"_blank\">Lien vers la version fran\u00e7aise (swisshealthweb.ch)<\/a><br\/><a class=\"_download\" rel=\"noreferrer noopener\" href=\"https:\/\/www.eklb.admin.ch\/inhalte\/CFLB_2021_Valeurs_limites_f.pdf\" target=\"_blank\">Valeurs limites CFLB 2021<\/a><\/p>\n\n<h4 class=\"wp-block-heading\">\u00c9tude sur les effets du bruit NORAH<\/h4>\n\n<p>L&rsquo;\u00e9tude NORAH (\u00ab\u00a0Noise-Related Annoyance, Cognition, and Health\u00a0\u00bb) a \u00e9tudi\u00e9 l&rsquo;impact du bruit de la circulation sur la qualit\u00e9 de vie, la sant\u00e9 des personnes et le d\u00e9veloppement des enfants. Pour ce faire, les nuisances sonores calcul\u00e9es ont \u00e9t\u00e9 compar\u00e9es aux donn\u00e9es sur la sant\u00e9, la qualit\u00e9 de vie et le d\u00e9veloppement de plus d&rsquo;un million de personnes \u00e0 proximit\u00e9 de l&rsquo;a\u00e9roport de Francfort. Afin de d\u00e9tecter les effets \u00e0 long terme, les participants \u00e0 l\u2019\u00e9tude ont \u00e9t\u00e9 suivis pendant trois ans. <\/p>\n\n<p><a class=\"_extern\" rel=\"noreferrer noopener\" href=\"http:\/\/www.laermstudie.de\/en\/norah-study\/overview\/\" target=\"_blank\">NORAH &#8211; \u00c9tude sur les effets du bruit (laermstudie.de)<\/a><\/p>\n\n<h4 class=\"wp-block-heading\">Entretien avec Martin R\u00f6\u00f6sli<\/h4>\n\n<p>Les mesures mises en \u0153uvre d\u00e8s l&rsquo;\u00e9tape de planification ou directement \u00e0 la source sont essentielles pour la protection de la population. Entretien avec Martin R\u00f6\u00f6sli, professeur d&rsquo;\u00e9pid\u00e9miologie environnementale \u00e0 l&rsquo;Universit\u00e9 de B\u00e2le et directeur de l&rsquo;unit\u00e9 Environnement et sant\u00e9 \u00e0 l&rsquo;Institut tropical et de sant\u00e9 publique suisse (Swiss TPH).<\/p>\n\n<p><a class=\"_dl\" rel=\"noreferrer noopener\" href=\"https:\/\/laerm.ch\/wp-content\/uploads\/Magazin_PG_KtZH-_Roosli.pdf\" target=\"_blank\">Magazine P&amp;G, juillet 2021<\/a><\/p>\n\n<h2 class=\"wp-block-heading\"><span class=\"ez-toc-section\" id=\"bruit-enfants\"><\/span>Bruit &amp; enfants<span class=\"ez-toc-section-end\"><\/span><\/h2>\n\n<p>Le bruit peut avoir des cons\u00e9quences n\u00e9gatives sur le d\u00e9veloppement et les performances scolaires des enfants. Une exposition chronique au bruit peut entra\u00eener des r\u00e9actions de stress physique et psychique. Le calme, en revanche, favorise le bien-\u00eatre, la sant\u00e9 et la capacit\u00e9 d\u2019apprentissage.<\/p>\n\n<h3 class=\"wp-block-heading\"><span class=\"ez-toc-section\" id=\"les-enfants-sont-particulierement-vulnerables\"><\/span>Les enfants sont particuli\u00e8rement vuln\u00e9rables<span class=\"ez-toc-section-end\"><\/span><\/h3>\n\n<p>Les enfants sont particuli\u00e8rement vuln\u00e9rables aux effets n\u00e9fastes du bruit sur la sant\u00e9. Leur audition est encore en d\u00e9veloppement et donc plus sensible aux bruits forts. En plus, du fait des particularit\u00e9s anatomiques du conduit auditif chez l\u2019enfant, \u00e0 intensit\u00e9 \u00e9gale, le bruit est per\u00e7u plus fort. Une exposition prolong\u00e9e au bruit peut entra\u00eener une perte d&rsquo;audition ou une diminution de la capacit\u00e9 auditive.<\/p>\n\n<p>En outre, le bruit peut entra\u00eener des troubles du sommeil, des probl\u00e8mes de concentration, des troubles du comportement et du stress. Il est donc important de prot\u00e9ger les enfants contre le bruit excessif et de leur offrir un environnement calme.<\/p>\n\n<p>L&rsquo;\u00e9tude NORAH a montr\u00e9 \u00e0 ce sujet qu&rsquo;avec une augmentation du bruit de 10 dB, les enfants apprenaient \u00e0 lire un mois plus tard. Cela peut sembler peu, mais ce retard se r\u00e9percute sur toute la dur\u00e9e de leur parcours scolaire.<\/p>\n\n<p>Le bruit ambiant a en outre un effet n\u00e9gatif sur le d\u00e9veloppement du langage. Par exemple. lorsque la radio ou la t\u00e9l\u00e9vision sont allum\u00e9es en permanence en fond sonore, les enfants \u00e9prouvent des difficult\u00e9s \u00e0 discerner les mots de la personne qui s\u2019occupent d\u2019eux du bruit ambiant. En outre, on s\u2019adresse moins souvent directement \u00e0 l\u2019enfant, ce qui se r\u00e9percute n\u00e9gativement sur le d\u00e9veloppement du langage.<\/p>\n\n<p>Une exposition \u00e0 des niveaux sonores de 100 dB \u00e0 120 dB de quelques minutes \u00e0 plusieurs heures peut causer des dommages m\u00e9caniques et m\u00e9taboliques dans l\u2019oreille interne allant jusqu\u2019\u00e0 des l\u00e9sions auditives. \u00c0 un niveau sonore de 130 dB, m\u00eame quelques secondes seulement suffisent \u00e0 provoquer des l\u00e9sions. Les jouets bruyants, tout comme l\u2019\u00e9coute de musique \u00e0 un volume \u00e9lev\u00e9, ont conduit \u00e0 une augmentation des d\u00e9ficiences auditives chez les enfants et les adolescents. Un faux pistolet atteint encore 150 dB \u00e0 une distance de 25 centim\u00e8tres de l&rsquo;oreille. Le cot\u00e9 particuli\u00e8rement sournois des troubles auditifs est qu\u2019ils \u00e9voluent lentement et \u00e0 notre insu.<\/p>\n\n<h3 class=\"wp-block-heading\"><span class=\"ez-toc-section\" id=\"protection-des-enfants-contre-le-bruit-au-quotidien\"><\/span>Protection des enfants contre le bruit au quotidien<span class=\"ez-toc-section-end\"><\/span><\/h3>\n\n<p>Que pouvons-nous faire pour prot\u00e9ger les enfants du bruit au quotidien ? Des <strong>mesures<\/strong> tr\u00e8s simples peuvent d\u00e9j\u00e0 aider :<\/p>\n\n<ul class=\"wp-block-list\">\n<li>Testez toujours vous-m\u00eame la qualit\u00e9 sonores des jouets avant de les acheter.<\/li>\n\n\n\n<li>Ne laissez pas la radio ou la t\u00e9l\u00e9vision allum\u00e9e en permanence.<\/li>\n\n\n\n<li>Veillez \u00e0 ce que votre enfant puisse b\u00e9n\u00e9ficier d\u2019un sommeil profond. Si possible, am\u00e9nagez la chambre des enfants dans la partie du logement oppos\u00e9e \u00e0 la rue. Baissez le volume de la radio, de la t\u00e9l\u00e9vision et des conversations si les enfants dorment dans la pi\u00e8ce voisine.<\/li>\n\n\n\n<li>\u00c9vitez d\u2019aller \u00e0 des manifestations bruyantes avec vos enfants.<\/li>\n\n\n\n<li>Accordez-vous et \u00e0 vos enfants des plages de repos : 10 minutes de d\u00e9tente suffisent d\u00e9j\u00e0 \u00e0 favoriser les aptitudes cognitives, notre sant\u00e9 et notre bien-\u00eatre.<\/li>\n<\/ul>\n\n<h2 class=\"wp-block-heading\"><span class=\"ez-toc-section\" id=\"bruit-animaux\"><\/span>Bruit &amp; animaux<span class=\"ez-toc-section-end\"><\/span><\/h2>\n\n<p>De nombreuses esp\u00e8ces animales utilisent les sons comme moyen de communication, que se soit pour chercher de la nourriture ou pour s&rsquo;orienter. L&rsquo;exposition \u00e0 des \u00e9v\u00e9nements sonores perturbateurs peut affecter le comportement des animaux. Si les esp\u00e8ces ne sont pas en mesure de s&rsquo;adapter au bruit, il peut en r\u00e9sulter des ph\u00e9nom\u00e8nes d&rsquo;extinction locale. Pour \u00e9viter de tels sc\u00e9narios, il est important de prot\u00e9ger \u00e9galement les animaux de mani\u00e8re efficace contre le bruit.<\/p>\n\n<h3 class=\"wp-block-heading\"><span class=\"ez-toc-section\" id=\"le-bruit-modifie-lhabitat\"><\/span>Le bruit modifie l&rsquo;habitat<span class=\"ez-toc-section-end\"><\/span><\/h3>\n\n<p>Le bruit constitue un probl\u00e8me majeur pour les animaux. Mais toutes les esp\u00e8ces animales ne r\u00e9agissent pas de la m\u00eame mani\u00e8re au bruit. Certaines esp\u00e8ces animales sont capables de s&rsquo;adapter au bruit. Les m\u00e9sanges charbonni\u00e8res augmentent leur taux d&rsquo;appel dans un environnement bruyant, les chants des baleines \u00e0 bosse durent plus longtemps et les criquets des champs \u00e9vitent les habitats bruyants.<\/p>\n\n<p>Mais il y a aussi des esp\u00e8ces animales qui ne parviennent pas \u00e0 s&rsquo;adapter \u00e0 un environnement bruyant. Dans un environnement bruyant, les pyrales de la farine pondent beaucoup moins d&rsquo;\u0153ufs, les rats kangourous souffrent de l\u00e9sions auditives et le succ\u00e8s de reproduction des iguanes des Fidji diminue. Dans le pire des cas, le bruit peut donc entra\u00eener l&rsquo;extinction d&rsquo;une esp\u00e8ce.<\/p>\n\n<h3 class=\"wp-block-heading\"><span class=\"ez-toc-section\" id=\"les-animaux-entendent-differentes-frequences\"><\/span>Les animaux entendent diff\u00e9rentes fr\u00e9quences<span class=\"ez-toc-section-end\"><\/span><\/h3>\n\n<p>Tous les animaux ne per\u00e7oivent pas le son de la m\u00eame mani\u00e8re. Les plages de fr\u00e9quences audibles varient d&rsquo;une esp\u00e8ce animale \u00e0 l&rsquo;autre. Les chauves-souris peuvent entendre des sons tr\u00e8s aigus, tandis que les baleines se sont sp\u00e9cialis\u00e9es dans les sons tr\u00e8s graves. De ce fait, les animaux souffrent aussi souvent d&rsquo;une exposition aux <a class=\"in_\" href=\"https:\/\/laerm.ch\/fr\/problemes-de-bruit\/sources-de-bruit-evaluation\/bruit-quotidien\/#ultraschall\">ultrasons<\/a> et aux <a class=\"in_\" href=\"https:\/\/laerm.ch\/fr\/problemes-de-bruit\/sources-de-bruit-evaluation\/bruit-quotidien\/#infraschall\">infrasons<\/a>.<\/p>\n\n<h3 class=\"wp-block-heading\"><span class=\"ez-toc-section\" id=\"la-protection-contre-le-bruit-profite-egalement-aux-animaux\"><\/span>La protection contre le bruit profite \u00e9galement aux animaux<span class=\"ez-toc-section-end\"><\/span><\/h3>\n\n<p>La plupart des animaux souffrent d&rsquo;un environnement bruyant. C&rsquo;est pourquoi il faut aussi prot\u00e9ger les animaux du bruit dans la mesure du possible. Il suffit souvent de peu de choses pour rendre l&rsquo;environnement un peu plus calme. Dans les zones bruyantes, les animaux choisissent d&rsquo;utiliser des zones calmes ou des zones de compensation pour \u00e9viter l&rsquo;environnement bruyant. Dans certains cas cependant, les mesures de protection contre le bruit peuvent \u00eatre nuisibles aux animaux. Une attention particuli\u00e8re doit ainsi \u00eatre accord\u00e9e \u00e0 la protection des oiseaux lors de la construction de murs antibruit transparents. Des mesures pr\u00e9cises peuvent \u00eatre prises pour rem\u00e9dier au probl\u00e8me. <\/p>\n\n<p>Vous trouverez de plus amples informations \u00e0 ce sujet sous <a rel=\"noreferrer noopener\" href=\"http:\/\/www.laermorama.ch\/m3_laerm_betroffen\/tiere_v.html\" target=\"_blank\">laermorama.ch<\/a>.<\/p>\n","protected":false},"excerpt":{"rendered":"<p>Les bruits forts et inconnus \u00e9taient un signe de danger dans les temps anciens. C\u2019est pourquoi, en cas de bruit, le corps se met en \u00e9tat d\u2019alerte et se pr\u00e9pare \u00e0 la fuite. Aujourd\u2019hui, bien que nos conditions de vie soient diff\u00e9rentes, notre corps r\u00e9agit toujours de la m\u00eame fa\u00e7on. Expos\u00e9 \u00e0 un bruit excessif, [&hellip;]<\/p>\n","protected":false},"author":1,"featured_media":213,"parent":75,"menu_order":0,"comment_status":"closed","ping_status":"closed","template":"","meta":{"advgb_blocks_editor_width":"","advgb_blocks_columns_visual_guide":"","footnotes":""},"class_list":["post-344","page","type-page","status-publish","has-post-thumbnail","hentry"],"yoast_head":"<!-- This site is optimized with the Yoast SEO plugin v23.7 - https:\/\/yoast.com\/wordpress\/plugins\/seo\/ -->\n<title>Bruit et sant\u00e9 - Bruit.ch<\/title>\n<meta name=\"robots\" content=\"index, follow, max-snippet:-1, max-image-preview:large, max-video-preview:-1\" \/>\n<link rel=\"canonical\" href=\"https:\/\/laerm.ch\/fr\/connaissances-du-bruit\/bruit-et-sante\/\" \/>\n<meta property=\"og:locale\" content=\"fr_FR\" \/>\n<meta property=\"og:type\" content=\"article\" \/>\n<meta property=\"og:title\" content=\"Bruit et sant\u00e9 - Bruit.ch\" \/>\n<meta property=\"og:description\" content=\"Les bruits forts et inconnus \u00e9taient un signe de danger dans les temps anciens. C\u2019est pourquoi, en cas de bruit, le corps se met en \u00e9tat d\u2019alerte et se pr\u00e9pare \u00e0 la fuite. Aujourd\u2019hui, bien que nos conditions de vie soient diff\u00e9rentes, notre corps r\u00e9agit toujours de la m\u00eame fa\u00e7on. Expos\u00e9 \u00e0 un bruit excessif, [&hellip;]\" \/>\n<meta property=\"og:url\" content=\"https:\/\/laerm.ch\/fr\/connaissances-du-bruit\/bruit-et-sante\/\" \/>\n<meta property=\"og:site_name\" content=\"Bruit.ch\" \/>\n<meta property=\"article:modified_time\" content=\"2024-09-15T11:13:59+00:00\" \/>\n<meta property=\"og:image\" content=\"https:\/\/laerm.ch\/wp-content\/uploads\/publikationen.jpg\" \/>\n\t<meta property=\"og:image:width\" content=\"725\" \/>\n\t<meta property=\"og:image:height\" content=\"299\" \/>\n\t<meta property=\"og:image:type\" content=\"image\/jpeg\" \/>\n<meta name=\"twitter:card\" content=\"summary_large_image\" \/>\n<meta name=\"twitter:label1\" content=\"Dur\u00e9e de lecture estim\u00e9e\" \/>\n\t<meta name=\"twitter:data1\" content=\"15 minutes\" \/>\n<script type=\"application\/ld+json\" class=\"yoast-schema-graph\">{\"@context\":\"https:\/\/schema.org\",\"@graph\":[{\"@type\":\"WebPage\",\"@id\":\"https:\/\/laerm.ch\/fr\/connaissances-du-bruit\/bruit-et-sante\/\",\"url\":\"https:\/\/laerm.ch\/fr\/connaissances-du-bruit\/bruit-et-sante\/\",\"name\":\"Bruit et sant\u00e9 - Bruit.ch\",\"isPartOf\":{\"@id\":\"https:\/\/laerm.ch\/#website\"},\"primaryImageOfPage\":{\"@id\":\"https:\/\/laerm.ch\/fr\/connaissances-du-bruit\/bruit-et-sante\/#primaryimage\"},\"image\":{\"@id\":\"https:\/\/laerm.ch\/fr\/connaissances-du-bruit\/bruit-et-sante\/#primaryimage\"},\"thumbnailUrl\":\"https:\/\/laerm.ch\/wp-content\/uploads\/publikationen.jpg\",\"datePublished\":\"2023-10-17T16:47:05+00:00\",\"dateModified\":\"2024-09-15T11:13:59+00:00\",\"breadcrumb\":{\"@id\":\"https:\/\/laerm.ch\/fr\/connaissances-du-bruit\/bruit-et-sante\/#breadcrumb\"},\"inLanguage\":\"fr-FR\",\"potentialAction\":[{\"@type\":\"ReadAction\",\"target\":[\"https:\/\/laerm.ch\/fr\/connaissances-du-bruit\/bruit-et-sante\/\"]}]},{\"@type\":\"ImageObject\",\"inLanguage\":\"fr-FR\",\"@id\":\"https:\/\/laerm.ch\/fr\/connaissances-du-bruit\/bruit-et-sante\/#primaryimage\",\"url\":\"https:\/\/laerm.ch\/wp-content\/uploads\/publikationen.jpg\",\"contentUrl\":\"https:\/\/laerm.ch\/wp-content\/uploads\/publikationen.jpg\",\"width\":725,\"height\":299},{\"@type\":\"BreadcrumbList\",\"@id\":\"https:\/\/laerm.ch\/fr\/connaissances-du-bruit\/bruit-et-sante\/#breadcrumb\",\"itemListElement\":[{\"@type\":\"ListItem\",\"position\":1,\"name\":\"Startseite\",\"item\":\"https:\/\/test.laerm.ch\/fr\/\"},{\"@type\":\"ListItem\",\"position\":2,\"name\":\"Bruit &amp; calme\",\"item\":\"https:\/\/test.laerm.ch\/laermwissen\/\"},{\"@type\":\"ListItem\",\"position\":3,\"name\":\"Bruit et sant\u00e9\"}]},{\"@type\":\"WebSite\",\"@id\":\"https:\/\/laerm.ch\/#website\",\"url\":\"https:\/\/laerm.ch\/\",\"name\":\"L\u00e4rm.ch\",\"description\":\"Bienvenue sur Bruit.ch, le portail complet de Cercle Bruit sur le th\u00e8me du bruit et de la protection contre le bruit.\",\"publisher\":{\"@id\":\"https:\/\/laerm.ch\/#organization\"},\"potentialAction\":[{\"@type\":\"SearchAction\",\"target\":{\"@type\":\"EntryPoint\",\"urlTemplate\":\"https:\/\/laerm.ch\/?s={search_term_string}\"},\"query-input\":{\"@type\":\"PropertyValueSpecification\",\"valueRequired\":true,\"valueName\":\"search_term_string\"}}],\"inLanguage\":\"fr-FR\"},{\"@type\":\"Organization\",\"@id\":\"https:\/\/laerm.ch\/#organization\",\"name\":\"Cercle Bruit\",\"url\":\"https:\/\/laerm.ch\/\",\"logo\":{\"@type\":\"ImageObject\",\"inLanguage\":\"fr-FR\",\"@id\":\"https:\/\/laerm.ch\/#\/schema\/logo\/image\/\",\"url\":\"https:\/\/laerm.ch\/wp-content\/uploads\/cercleBruitLogoText.png\",\"contentUrl\":\"https:\/\/laerm.ch\/wp-content\/uploads\/cercleBruitLogoText.png\",\"width\":512,\"height\":329,\"caption\":\"Cercle Bruit\"},\"image\":{\"@id\":\"https:\/\/laerm.ch\/#\/schema\/logo\/image\/\"}}]}<\/script>\n<!-- \/ Yoast SEO plugin. -->","yoast_head_json":{"title":"Bruit et sant\u00e9 - Bruit.ch","robots":{"index":"index","follow":"follow","max-snippet":"max-snippet:-1","max-image-preview":"max-image-preview:large","max-video-preview":"max-video-preview:-1"},"canonical":"https:\/\/laerm.ch\/fr\/connaissances-du-bruit\/bruit-et-sante\/","og_locale":"fr_FR","og_type":"article","og_title":"Bruit et sant\u00e9 - Bruit.ch","og_description":"Les bruits forts et inconnus \u00e9taient un signe de danger dans les temps anciens. C\u2019est pourquoi, en cas de bruit, le corps se met en \u00e9tat d\u2019alerte et se pr\u00e9pare \u00e0 la fuite. Aujourd\u2019hui, bien que nos conditions de vie soient diff\u00e9rentes, notre corps r\u00e9agit toujours de la m\u00eame fa\u00e7on. Expos\u00e9 \u00e0 un bruit excessif, [&hellip;]","og_url":"https:\/\/laerm.ch\/fr\/connaissances-du-bruit\/bruit-et-sante\/","og_site_name":"Bruit.ch","article_modified_time":"2024-09-15T11:13:59+00:00","og_image":[{"width":725,"height":299,"url":"https:\/\/laerm.ch\/wp-content\/uploads\/publikationen.jpg","type":"image\/jpeg"}],"twitter_card":"summary_large_image","twitter_misc":{"Dur\u00e9e de lecture estim\u00e9e":"15 minutes"},"schema":{"@context":"https:\/\/schema.org","@graph":[{"@type":"WebPage","@id":"https:\/\/laerm.ch\/fr\/connaissances-du-bruit\/bruit-et-sante\/","url":"https:\/\/laerm.ch\/fr\/connaissances-du-bruit\/bruit-et-sante\/","name":"Bruit et sant\u00e9 - Bruit.ch","isPartOf":{"@id":"https:\/\/laerm.ch\/#website"},"primaryImageOfPage":{"@id":"https:\/\/laerm.ch\/fr\/connaissances-du-bruit\/bruit-et-sante\/#primaryimage"},"image":{"@id":"https:\/\/laerm.ch\/fr\/connaissances-du-bruit\/bruit-et-sante\/#primaryimage"},"thumbnailUrl":"https:\/\/laerm.ch\/wp-content\/uploads\/publikationen.jpg","datePublished":"2023-10-17T16:47:05+00:00","dateModified":"2024-09-15T11:13:59+00:00","breadcrumb":{"@id":"https:\/\/laerm.ch\/fr\/connaissances-du-bruit\/bruit-et-sante\/#breadcrumb"},"inLanguage":"fr-FR","potentialAction":[{"@type":"ReadAction","target":["https:\/\/laerm.ch\/fr\/connaissances-du-bruit\/bruit-et-sante\/"]}]},{"@type":"ImageObject","inLanguage":"fr-FR","@id":"https:\/\/laerm.ch\/fr\/connaissances-du-bruit\/bruit-et-sante\/#primaryimage","url":"https:\/\/laerm.ch\/wp-content\/uploads\/publikationen.jpg","contentUrl":"https:\/\/laerm.ch\/wp-content\/uploads\/publikationen.jpg","width":725,"height":299},{"@type":"BreadcrumbList","@id":"https:\/\/laerm.ch\/fr\/connaissances-du-bruit\/bruit-et-sante\/#breadcrumb","itemListElement":[{"@type":"ListItem","position":1,"name":"Startseite","item":"https:\/\/test.laerm.ch\/fr\/"},{"@type":"ListItem","position":2,"name":"Bruit &amp; calme","item":"https:\/\/test.laerm.ch\/laermwissen\/"},{"@type":"ListItem","position":3,"name":"Bruit et sant\u00e9"}]},{"@type":"WebSite","@id":"https:\/\/laerm.ch\/#website","url":"https:\/\/laerm.ch\/","name":"L\u00e4rm.ch","description":"Bienvenue sur Bruit.ch, le portail complet de Cercle Bruit sur le th\u00e8me du bruit et de la protection contre le bruit.","publisher":{"@id":"https:\/\/laerm.ch\/#organization"},"potentialAction":[{"@type":"SearchAction","target":{"@type":"EntryPoint","urlTemplate":"https:\/\/laerm.ch\/?s={search_term_string}"},"query-input":{"@type":"PropertyValueSpecification","valueRequired":true,"valueName":"search_term_string"}}],"inLanguage":"fr-FR"},{"@type":"Organization","@id":"https:\/\/laerm.ch\/#organization","name":"Cercle Bruit","url":"https:\/\/laerm.ch\/","logo":{"@type":"ImageObject","inLanguage":"fr-FR","@id":"https:\/\/laerm.ch\/#\/schema\/logo\/image\/","url":"https:\/\/laerm.ch\/wp-content\/uploads\/cercleBruitLogoText.png","contentUrl":"https:\/\/laerm.ch\/wp-content\/uploads\/cercleBruitLogoText.png","width":512,"height":329,"caption":"Cercle Bruit"},"image":{"@id":"https:\/\/laerm.ch\/#\/schema\/logo\/image\/"}}]}},"coauthors":[],"author_meta":{"author_link":"https:\/\/laerm.ch\/fr\/author\/f9c1af47f5d7fcc5\/","display_name":"admin"},"relative_dates":{"created":"Publi\u00e9 3 ans il y a","modified":"Mis \u00e0 jour 2 ans il y a"},"absolute_dates":{"created":"Publi\u00e9 le 17. octobre 2023","modified":"Mise \u00e0 jour le 15. septembre 2024"},"absolute_dates_time":{"created":"Publi\u00e9 le 17. octobre 2023 18:47","modified":"Mise \u00e0 jour le 15. septembre 2024 13:13"},"featured_img_caption":"","featured_img":"https:\/\/laerm.ch\/wp-content\/uploads\/publikationen.jpg","series_order":"","_links":{"self":[{"href":"https:\/\/laerm.ch\/fr\/wp-json\/wp\/v2\/pages\/344"}],"collection":[{"href":"https:\/\/laerm.ch\/fr\/wp-json\/wp\/v2\/pages"}],"about":[{"href":"https:\/\/laerm.ch\/fr\/wp-json\/wp\/v2\/types\/page"}],"author":[{"embeddable":true,"href":"https:\/\/laerm.ch\/fr\/wp-json\/wp\/v2\/users\/1"}],"replies":[{"embeddable":true,"href":"https:\/\/laerm.ch\/fr\/wp-json\/wp\/v2\/comments?post=344"}],"version-history":[{"count":16,"href":"https:\/\/laerm.ch\/fr\/wp-json\/wp\/v2\/pages\/344\/revisions"}],"predecessor-version":[{"id":5200,"href":"https:\/\/laerm.ch\/fr\/wp-json\/wp\/v2\/pages\/344\/revisions\/5200"}],"up":[{"embeddable":true,"href":"https:\/\/laerm.ch\/fr\/wp-json\/wp\/v2\/pages\/75"}],"wp:featuredmedia":[{"embeddable":true,"href":"https:\/\/laerm.ch\/fr\/wp-json\/wp\/v2\/media\/213"}],"wp:attachment":[{"href":"https:\/\/laerm.ch\/fr\/wp-json\/wp\/v2\/media?parent=344"}],"curies":[{"name":"wp","href":"https:\/\/api.w.org\/{rel}","templated":true}]}}