{"id":2829,"date":"2024-01-26T17:44:30","date_gmt":"2024-01-26T16:44:30","guid":{"rendered":"https:\/\/laerm.ch\/giornata-contro-il-rumore\/archivio\/2007-il-riposo-fa-bene\/"},"modified":"2025-02-04T14:09:41","modified_gmt":"2025-02-04T13:09:41","slug":"campagna-2007","status":"publish","type":"page","link":"https:\/\/laerm.ch\/it\/giornata-contro-il-rumore\/archivio\/campagna-2007\/","title":{"rendered":"2007 &#8211; Il silenzio \u00e8 d\u2019oro"},"content":{"rendered":"\n<blockquote class=\"wp-block-quote is-layout-flow wp-block-quote-is-layout-flow\">\n<p>&#8220;Un giorno l&#8217;umanit\u00e0 dovr\u00e0 combattere il rumore proprio come il colera e la peste&#8221;.<\/p>\n<cite>Robert Koch, 1910<\/cite><\/blockquote>\n\n<p>Robert Koch, lo scopritore della tubercolosi, gi\u00e0 all&#8217;inizio del XIX secolo sospettava che l&#8217;inquinamento acustico sarebbe diventato una vera e propria &#8220;malattia popolare&#8221;. Come conseguenza diretta dell&#8217;aumento della mobilit\u00e0 a partire dagli anni &#8217;50, circa due terzi della popolazione svizzera si sente oggi disturbata dal rumore. L&#8217;inquinamento fonico \u00e8 l&#8217;impatto ambientale pi\u00f9 frequentemente percepito.<\/p>\n\n<p><a class=\"_dl\" href=\"https:\/\/laerm.ch\/wp-content\/uploads\/tgl_medienmitteilung2007.pdf\" target=\"_blank\" rel=\"noreferrer noopener\">Comunicato stampa (DE)<\/a><\/p>\n\n<p>Quest&#8217;anno la &#8220;Giornata contro il rumore&#8221; si concentra sugli aspetti sanitari del rumore: disturbi digestivi, ipertensione sanguigna, infarti e disturbi del sonno. Il rumore pu\u00f2 anche provocare disturbi di concentrazione e cambiamenti di umore, come depressione o aggressivit\u00e0. I suoni forti, come ad esempio la musica, possono per\u00f2 anche danneggiare direttamente l&#8217;udito. In Svizzera, quasi 500 vittime del rumore devono essere ricoverate in ospedale ogni anno. Il fisico non \u00e8 in grado di abituarsi al rumore.<\/p>\n\n<p>Essendo un organo altamente sensibile, il nostro udito \u00e8 programmato per un paesaggio sonoro naturale primordiale ormai scomparso. In questi tempi remoti, i rumori forti e sconosciuti rappresentavano un segnale di pericolo, al quale il corpo umano reagiva con un innalzamento dello stato di allerta per prepararsi alla fuga o al combattimento. Nel frattempo il paesaggio sonoro \u00e8 cambiato dramaticamente: siamo costantemente esposti da un&#8217;alluvione di rumori svariati. Tuttavia, il nostro corpo reagisce ancora ai rumori forti e fastidiosi nello stesso modo in cui lo faceva centinaia di anni fa, e la reazione di stress che si scatena compromette il nostro benessere e la nostra salute.<\/p>\n\n<p>Con il motto &#8220;Il silenzio \u00e8 d&#8217;oro!&#8221; la Svizzera partecipa per la terza volta alla &#8220;Giornata internazionale contro il rumore&#8221; del 25 aprile 2007. &#8220;Il silenzio fa bene&#8221;, si dice la persona afflitta dal rumore, che cerca di sfuggirvi. Anche la fuga ha tuttavia sempre un rovescio della medaglia: gli abitanti di centri cittadini si trasferiscono in un sobborgo pi\u00f9 tranquillo e si recano poi al lavoro in automobile. E non vogliamo fare a meno del nostro veicolo a motore neanche nel tempo libero: nella nostra ricerca di divertimento e relax, continuiamo a produrre costantemente rumore.<\/p>\n\n<p>In occasione della &#8220;Giornata contro il rumore&#8221;, vengono illustrate modalit\u00e0 con cui ogni singolo individuo pu\u00f2 contribuire a ridurre il rumore prodotto nella vita quotidiana attraverso il proprio comportamento personale, e a proteggere la propria salute e quella dei propri simili dall&#8217;eccessivo inquinamento fonico. La giornata d&#8217;azione \u00e8 promossa dal Cercle Bruit, dalla Societ\u00e0 Svizzera di Acustica, dalla Lega Svizzera contro il Rumore e dai Medici per la Protezione dell&#8217;Ambiente. La &#8220;Giornata contro il rumore&#8221; \u00e8 sostenuta dall&#8217;Ufficio federale dell&#8217;ambiente (UFAM) e dall&#8217;Ufficio federale della sanit\u00e0 pubblica (UFSP).<\/p>\n","protected":false},"excerpt":{"rendered":"<p>&#8220;Un giorno l&#8217;umanit\u00e0 dovr\u00e0 combattere il rumore proprio come il colera e la peste&#8221;. Robert Koch, 1910 Robert Koch, lo scopritore della tubercolosi, gi\u00e0 all&#8217;inizio del XIX secolo sospettava che l&#8217;inquinamento acustico sarebbe diventato una vera e propria &#8220;malattia popolare&#8221;. Come conseguenza diretta dell&#8217;aumento della mobilit\u00e0 a partire dagli anni &#8217;50, circa due terzi della [&hellip;]<\/p>\n","protected":false},"author":1,"featured_media":1888,"parent":2767,"menu_order":2,"comment_status":"closed","ping_status":"closed","template":"","meta":{"advgb_blocks_editor_width":"","advgb_blocks_columns_visual_guide":"","footnotes":""},"class_list":["post-2829","page","type-page","status-publish","has-post-thumbnail","hentry"],"yoast_head":"<!-- This site is optimized with the Yoast SEO plugin v23.7 - https:\/\/yoast.com\/wordpress\/plugins\/seo\/ -->\n<title>2007 - Il silenzio \u00e8 d\u2019oro - Rumore.ch<\/title>\n<meta name=\"robots\" content=\"index, follow, max-snippet:-1, max-image-preview:large, max-video-preview:-1\" \/>\n<link rel=\"canonical\" href=\"https:\/\/laerm.ch\/tag-gegen-laerm\/archiv\/kampagne-2007\/\" \/>\n<meta property=\"og:locale\" content=\"it_IT\" \/>\n<meta property=\"og:type\" content=\"article\" \/>\n<meta property=\"og:title\" content=\"2007 - Il silenzio \u00e8 d\u2019oro - Rumore.ch\" \/>\n<meta property=\"og:description\" content=\"&#8220;Un giorno l&#8217;umanit\u00e0 dovr\u00e0 combattere il rumore proprio come il colera e la peste&#8221;. Robert Koch, 1910 Robert Koch, lo scopritore della tubercolosi, gi\u00e0 all&#8217;inizio del XIX secolo sospettava che l&#8217;inquinamento acustico sarebbe diventato una vera e propria &#8220;malattia popolare&#8221;. Come conseguenza diretta dell&#8217;aumento della mobilit\u00e0 a partire dagli anni &#8217;50, circa due terzi della [&hellip;]\" \/>\n<meta property=\"og:url\" content=\"https:\/\/laerm.ch\/tag-gegen-laerm\/archiv\/kampagne-2007\/\" \/>\n<meta property=\"og:site_name\" content=\"Rumore.ch\" \/>\n<meta property=\"article:modified_time\" content=\"2025-02-04T13:09:41+00:00\" \/>\n<meta property=\"og:image\" content=\"https:\/\/laerm.ch\/wp-content\/uploads\/tag-gegen-laerm-2007.jpg\" \/>\n\t<meta property=\"og:image:width\" content=\"725\" \/>\n\t<meta property=\"og:image:height\" content=\"300\" \/>\n\t<meta property=\"og:image:type\" content=\"image\/jpeg\" \/>\n<meta name=\"twitter:card\" content=\"summary_large_image\" \/>\n<meta name=\"twitter:label1\" content=\"Tempo di lettura stimato\" \/>\n\t<meta name=\"twitter:data1\" content=\"2 minuti\" \/>\n<script type=\"application\/ld+json\" class=\"yoast-schema-graph\">{\"@context\":\"https:\/\/schema.org\",\"@graph\":[{\"@type\":\"WebPage\",\"@id\":\"https:\/\/laerm.ch\/tag-gegen-laerm\/archiv\/kampagne-2007\/\",\"url\":\"https:\/\/laerm.ch\/tag-gegen-laerm\/archiv\/kampagne-2007\/\",\"name\":\"2007 - Il silenzio \u00e8 d\u2019oro - Rumore.ch\",\"isPartOf\":{\"@id\":\"https:\/\/laerm.ch\/#website\"},\"primaryImageOfPage\":{\"@id\":\"https:\/\/laerm.ch\/tag-gegen-laerm\/archiv\/kampagne-2007\/#primaryimage\"},\"image\":{\"@id\":\"https:\/\/laerm.ch\/tag-gegen-laerm\/archiv\/kampagne-2007\/#primaryimage\"},\"thumbnailUrl\":\"https:\/\/laerm.ch\/wp-content\/uploads\/tag-gegen-laerm-2007.jpg\",\"datePublished\":\"2024-01-26T16:44:30+00:00\",\"dateModified\":\"2025-02-04T13:09:41+00:00\",\"breadcrumb\":{\"@id\":\"https:\/\/laerm.ch\/tag-gegen-laerm\/archiv\/kampagne-2007\/#breadcrumb\"},\"inLanguage\":\"it-IT\",\"potentialAction\":[{\"@type\":\"ReadAction\",\"target\":[\"https:\/\/laerm.ch\/tag-gegen-laerm\/archiv\/kampagne-2007\/\"]}]},{\"@type\":\"ImageObject\",\"inLanguage\":\"it-IT\",\"@id\":\"https:\/\/laerm.ch\/tag-gegen-laerm\/archiv\/kampagne-2007\/#primaryimage\",\"url\":\"https:\/\/laerm.ch\/wp-content\/uploads\/tag-gegen-laerm-2007.jpg\",\"contentUrl\":\"https:\/\/laerm.ch\/wp-content\/uploads\/tag-gegen-laerm-2007.jpg\",\"width\":725,\"height\":300},{\"@type\":\"BreadcrumbList\",\"@id\":\"https:\/\/laerm.ch\/tag-gegen-laerm\/archiv\/kampagne-2007\/#breadcrumb\",\"itemListElement\":[{\"@type\":\"ListItem\",\"position\":1,\"name\":\"Startseite\",\"item\":\"https:\/\/test.laerm.ch\/it\/\"},{\"@type\":\"ListItem\",\"position\":2,\"name\":\"Giornata contro il rumore\",\"item\":\"https:\/\/laerm.ch\/it\/giornata-contro-il-rumore\/\"},{\"@type\":\"ListItem\",\"position\":3,\"name\":\"Archivio\",\"item\":\"https:\/\/laerm.ch\/it\/giornata-contro-il-rumore\/archivio\/\"},{\"@type\":\"ListItem\",\"position\":4,\"name\":\"2007 &#8211; Il silenzio \u00e8 d\u2019oro\"}]},{\"@type\":\"WebSite\",\"@id\":\"https:\/\/laerm.ch\/#website\",\"url\":\"https:\/\/laerm.ch\/\",\"name\":\"L\u00e4rm.ch\",\"description\":\"Benvenuti su Rumore.ch, il portale completo del Cercle Bruit sul tema del rumore e della protezione dal rumore.\",\"publisher\":{\"@id\":\"https:\/\/laerm.ch\/#organization\"},\"potentialAction\":[{\"@type\":\"SearchAction\",\"target\":{\"@type\":\"EntryPoint\",\"urlTemplate\":\"https:\/\/laerm.ch\/?s={search_term_string}\"},\"query-input\":{\"@type\":\"PropertyValueSpecification\",\"valueRequired\":true,\"valueName\":\"search_term_string\"}}],\"inLanguage\":\"it-IT\"},{\"@type\":\"Organization\",\"@id\":\"https:\/\/laerm.ch\/#organization\",\"name\":\"Cercle Bruit\",\"url\":\"https:\/\/laerm.ch\/\",\"logo\":{\"@type\":\"ImageObject\",\"inLanguage\":\"it-IT\",\"@id\":\"https:\/\/laerm.ch\/#\/schema\/logo\/image\/\",\"url\":\"https:\/\/laerm.ch\/wp-content\/uploads\/cercleBruitLogoText.png\",\"contentUrl\":\"https:\/\/laerm.ch\/wp-content\/uploads\/cercleBruitLogoText.png\",\"width\":512,\"height\":329,\"caption\":\"Cercle Bruit\"},\"image\":{\"@id\":\"https:\/\/laerm.ch\/#\/schema\/logo\/image\/\"}}]}<\/script>\n<!-- \/ Yoast SEO plugin. -->","yoast_head_json":{"title":"2007 - Il silenzio \u00e8 d\u2019oro - Rumore.ch","robots":{"index":"index","follow":"follow","max-snippet":"max-snippet:-1","max-image-preview":"max-image-preview:large","max-video-preview":"max-video-preview:-1"},"canonical":"https:\/\/laerm.ch\/tag-gegen-laerm\/archiv\/kampagne-2007\/","og_locale":"it_IT","og_type":"article","og_title":"2007 - Il silenzio \u00e8 d\u2019oro - Rumore.ch","og_description":"&#8220;Un giorno l&#8217;umanit\u00e0 dovr\u00e0 combattere il rumore proprio come il colera e la peste&#8221;. Robert Koch, 1910 Robert Koch, lo scopritore della tubercolosi, gi\u00e0 all&#8217;inizio del XIX secolo sospettava che l&#8217;inquinamento acustico sarebbe diventato una vera e propria &#8220;malattia popolare&#8221;. Come conseguenza diretta dell&#8217;aumento della mobilit\u00e0 a partire dagli anni &#8217;50, circa due terzi della [&hellip;]","og_url":"https:\/\/laerm.ch\/tag-gegen-laerm\/archiv\/kampagne-2007\/","og_site_name":"Rumore.ch","article_modified_time":"2025-02-04T13:09:41+00:00","og_image":[{"width":725,"height":300,"url":"https:\/\/laerm.ch\/wp-content\/uploads\/tag-gegen-laerm-2007.jpg","type":"image\/jpeg"}],"twitter_card":"summary_large_image","twitter_misc":{"Tempo di lettura stimato":"2 minuti"},"schema":{"@context":"https:\/\/schema.org","@graph":[{"@type":"WebPage","@id":"https:\/\/laerm.ch\/tag-gegen-laerm\/archiv\/kampagne-2007\/","url":"https:\/\/laerm.ch\/tag-gegen-laerm\/archiv\/kampagne-2007\/","name":"2007 - Il silenzio \u00e8 d\u2019oro - Rumore.ch","isPartOf":{"@id":"https:\/\/laerm.ch\/#website"},"primaryImageOfPage":{"@id":"https:\/\/laerm.ch\/tag-gegen-laerm\/archiv\/kampagne-2007\/#primaryimage"},"image":{"@id":"https:\/\/laerm.ch\/tag-gegen-laerm\/archiv\/kampagne-2007\/#primaryimage"},"thumbnailUrl":"https:\/\/laerm.ch\/wp-content\/uploads\/tag-gegen-laerm-2007.jpg","datePublished":"2024-01-26T16:44:30+00:00","dateModified":"2025-02-04T13:09:41+00:00","breadcrumb":{"@id":"https:\/\/laerm.ch\/tag-gegen-laerm\/archiv\/kampagne-2007\/#breadcrumb"},"inLanguage":"it-IT","potentialAction":[{"@type":"ReadAction","target":["https:\/\/laerm.ch\/tag-gegen-laerm\/archiv\/kampagne-2007\/"]}]},{"@type":"ImageObject","inLanguage":"it-IT","@id":"https:\/\/laerm.ch\/tag-gegen-laerm\/archiv\/kampagne-2007\/#primaryimage","url":"https:\/\/laerm.ch\/wp-content\/uploads\/tag-gegen-laerm-2007.jpg","contentUrl":"https:\/\/laerm.ch\/wp-content\/uploads\/tag-gegen-laerm-2007.jpg","width":725,"height":300},{"@type":"BreadcrumbList","@id":"https:\/\/laerm.ch\/tag-gegen-laerm\/archiv\/kampagne-2007\/#breadcrumb","itemListElement":[{"@type":"ListItem","position":1,"name":"Startseite","item":"https:\/\/test.laerm.ch\/it\/"},{"@type":"ListItem","position":2,"name":"Giornata contro il rumore","item":"https:\/\/laerm.ch\/it\/giornata-contro-il-rumore\/"},{"@type":"ListItem","position":3,"name":"Archivio","item":"https:\/\/laerm.ch\/it\/giornata-contro-il-rumore\/archivio\/"},{"@type":"ListItem","position":4,"name":"2007 &#8211; Il silenzio \u00e8 d\u2019oro"}]},{"@type":"WebSite","@id":"https:\/\/laerm.ch\/#website","url":"https:\/\/laerm.ch\/","name":"L\u00e4rm.ch","description":"Benvenuti su Rumore.ch, il portale completo del Cercle Bruit sul tema del rumore e della protezione dal rumore.","publisher":{"@id":"https:\/\/laerm.ch\/#organization"},"potentialAction":[{"@type":"SearchAction","target":{"@type":"EntryPoint","urlTemplate":"https:\/\/laerm.ch\/?s={search_term_string}"},"query-input":{"@type":"PropertyValueSpecification","valueRequired":true,"valueName":"search_term_string"}}],"inLanguage":"it-IT"},{"@type":"Organization","@id":"https:\/\/laerm.ch\/#organization","name":"Cercle Bruit","url":"https:\/\/laerm.ch\/","logo":{"@type":"ImageObject","inLanguage":"it-IT","@id":"https:\/\/laerm.ch\/#\/schema\/logo\/image\/","url":"https:\/\/laerm.ch\/wp-content\/uploads\/cercleBruitLogoText.png","contentUrl":"https:\/\/laerm.ch\/wp-content\/uploads\/cercleBruitLogoText.png","width":512,"height":329,"caption":"Cercle Bruit"},"image":{"@id":"https:\/\/laerm.ch\/#\/schema\/logo\/image\/"}}]}},"coauthors":[],"author_meta":{"author_link":"https:\/\/laerm.ch\/it\/author\/f9c1af47f5d7fcc5\/","display_name":"admin"},"relative_dates":{"created":"Pubblicato 2 anni fa","modified":"Aggiornato 1 anno fa"},"absolute_dates":{"created":"Pubblicato il 26. Gennaio 2024","modified":"Aggiornato il 4. Febbraio 2025"},"absolute_dates_time":{"created":"Pubblicato il 26. Gennaio 2024 17:44","modified":"Aggiornato il 4. Febbraio 2025 14:09"},"featured_img_caption":"","featured_img":"https:\/\/laerm.ch\/wp-content\/uploads\/tag-gegen-laerm-2007.jpg","series_order":"","_links":{"self":[{"href":"https:\/\/laerm.ch\/it\/wp-json\/wp\/v2\/pages\/2829"}],"collection":[{"href":"https:\/\/laerm.ch\/it\/wp-json\/wp\/v2\/pages"}],"about":[{"href":"https:\/\/laerm.ch\/it\/wp-json\/wp\/v2\/types\/page"}],"author":[{"embeddable":true,"href":"https:\/\/laerm.ch\/it\/wp-json\/wp\/v2\/users\/1"}],"replies":[{"embeddable":true,"href":"https:\/\/laerm.ch\/it\/wp-json\/wp\/v2\/comments?post=2829"}],"version-history":[{"count":14,"href":"https:\/\/laerm.ch\/it\/wp-json\/wp\/v2\/pages\/2829\/revisions"}],"predecessor-version":[{"id":4535,"href":"https:\/\/laerm.ch\/it\/wp-json\/wp\/v2\/pages\/2829\/revisions\/4535"}],"up":[{"embeddable":true,"href":"https:\/\/laerm.ch\/it\/wp-json\/wp\/v2\/pages\/2767"}],"wp:featuredmedia":[{"embeddable":true,"href":"https:\/\/laerm.ch\/it\/wp-json\/wp\/v2\/media\/1888"}],"wp:attachment":[{"href":"https:\/\/laerm.ch\/it\/wp-json\/wp\/v2\/media?parent=2829"}],"curies":[{"name":"wp","href":"https:\/\/api.w.org\/{rel}","templated":true}]}}